{"id":164,"date":"2012-02-02T17:59:24","date_gmt":"2012-02-02T16:59:24","guid":{"rendered":"http:\/\/www.saengerchor-olympia.de\/?page_id=164"},"modified":"2016-08-06T18:20:05","modified_gmt":"2016-08-06T16:20:05","slug":"gallerie-2","status":"publish","type":"page","link":"https:\/\/www.saengerchor-olympia.de\/?page_id=164","title":{"rendered":"Galerie"},"content":{"rendered":" \n<!-- Start container 1 --><div id=\"wppa-modal-container-1\" class=\"wppa-modal-container\" style=\"position:relative;z-index:100000;\" data-wppa=\"yes\" ontouchmove=\"event.stopPropagation();\"><\/div><div id=\"wppa-container-wrapper-1\" class=\"alignnone wppa-container-wrapper \" style=\"width:100%;clear:both;padding:0;position:relative;\"><div id=\"wppa-container-1\" style=\"width:100%;\" class=\"wppa-container wppa-container-1 wppa-rev-9112006 wppa-prevrev-9110011 wppa-theme-9.1.12.006 wppa-api-9.1.12.006\"><svg id=\"wppa-ajax-spin-1\" class=\"wppa-ajax-spin uil-default\" width=\"120px\" height=\"120px\" viewBox=\"0 0 100 100\" preserveAspectRatio=\"xMidYMid\" stroke=\"\" style=\"width:120px; height:120px; position:fixed; top:50%; margin-top:-60px; left:50%; margin-left:-60px; opacity:1; display:none; fill:#666666; background-color:#dddddd; border-radius:12px;\"><rect x=\"0\" y=\"0\" width=\"100\" height=\"100\" fill=\"none\" class=\"bk\"><\/rect><rect class=\"wppa-ajaxspin\" x=\"47\" y=\"40\" width=\"6\" height=\"20\" rx=\"3\" ry=\"3\" transform=\"rotate(0 50 50) translate(0 -32)\"><animate attributeName=\"opacity\" from=\"1\" to=\"0\" dur=\"1.5s\" begin=\"0s\" repeatCount=\"indefinite\" ><\/rect><rect class=\"wppa-ajaxspin\" x=\"47\" y=\"40\" width=\"6\" height=\"20\" rx=\"3\" ry=\"3\" transform=\"rotate(22.5 50 50) translate(0 -32)\"><animate attributeName=\"opacity\" from=\"1\" to=\"0\" dur=\"1.5s\" begin=\"0.09375s\" repeatCount=\"indefinite\" ><\/rect><rect class=\"wppa-ajaxspin\" x=\"47\" y=\"40\" width=\"6\" height=\"20\" rx=\"3\" ry=\"3\" transform=\"rotate(45 50 50) translate(0 -32)\"><animate attributeName=\"opacity\" from=\"1\" to=\"0\" dur=\"1.5s\" begin=\"0.1875s\" repeatCount=\"indefinite\" ><\/rect><rect class=\"wppa-ajaxspin\" x=\"47\" y=\"40\" width=\"6\" height=\"20\" rx=\"3\" ry=\"3\" transform=\"rotate(67.5 50 50) translate(0 -32)\"><animate attributeName=\"opacity\" from=\"1\" to=\"0\" dur=\"1.5s\" begin=\"0.28125s\" repeatCount=\"indefinite\" ><\/rect><rect class=\"wppa-ajaxspin\" x=\"47\" y=\"40\" width=\"6\" height=\"20\" rx=\"3\" ry=\"3\" transform=\"rotate(90 50 50) translate(0 -32)\"><animate attributeName=\"opacity\" from=\"1\" to=\"0\" dur=\"1.5s\" begin=\"0.375s\" repeatCount=\"indefinite\" ><\/rect><rect class=\"wppa-ajaxspin\" x=\"47\" y=\"40\" width=\"6\" height=\"20\" rx=\"3\" ry=\"3\" transform=\"rotate(112.5 50 50) translate(0 -32)\"><animate attributeName=\"opacity\" from=\"1\" to=\"0\" dur=\"1.5s\" begin=\"0.46875s\" repeatCount=\"indefinite\" ><\/rect><rect class=\"wppa-ajaxspin\" x=\"47\" y=\"40\" width=\"6\" height=\"20\" rx=\"3\" ry=\"3\" transform=\"rotate(135 50 50) translate(0 -32)\"><animate attributeName=\"opacity\" from=\"1\" to=\"0\" dur=\"1.5s\" begin=\"0.5625s\" repeatCount=\"indefinite\" ><\/rect><rect class=\"wppa-ajaxspin\" x=\"47\" y=\"40\" width=\"6\" height=\"20\" rx=\"3\" ry=\"3\" transform=\"rotate(157.5 50 50) translate(0 -32)\"><animate attributeName=\"opacity\" from=\"1\" to=\"0\" dur=\"1.5s\" begin=\"0.65625s\" repeatCount=\"indefinite\" ><\/rect><rect class=\"wppa-ajaxspin\" x=\"47\" y=\"40\" width=\"6\" height=\"20\" rx=\"3\" ry=\"3\" transform=\"rotate(180 50 50) translate(0 -32)\"><animate attributeName=\"opacity\" from=\"1\" to=\"0\" dur=\"1.5s\" begin=\"0.75s\" repeatCount=\"indefinite\" ><\/rect><rect class=\"wppa-ajaxspin\" x=\"47\" y=\"40\" width=\"6\" height=\"20\" rx=\"3\" ry=\"3\" transform=\"rotate(202.5 50 50) translate(0 -32)\"><animate attributeName=\"opacity\" from=\"1\" to=\"0\" dur=\"1.5s\" begin=\"0.84375s\" repeatCount=\"indefinite\" ><\/rect><rect class=\"wppa-ajaxspin\" x=\"47\" y=\"40\" width=\"6\" height=\"20\" rx=\"3\" ry=\"3\" transform=\"rotate(225 50 50) translate(0 -32)\"><animate attributeName=\"opacity\" from=\"1\" to=\"0\" dur=\"1.5s\" begin=\"0.9375s\" repeatCount=\"indefinite\" ><\/rect><rect class=\"wppa-ajaxspin\" x=\"47\" y=\"40\" width=\"6\" height=\"20\" rx=\"3\" ry=\"3\" transform=\"rotate(247.5 50 50) translate(0 -32)\"><animate attributeName=\"opacity\" from=\"1\" to=\"0\" dur=\"1.5s\" begin=\"1.03125s\" repeatCount=\"indefinite\" ><\/rect><rect class=\"wppa-ajaxspin\" x=\"47\" y=\"40\" width=\"6\" height=\"20\" rx=\"3\" ry=\"3\" transform=\"rotate(270 50 50) translate(0 -32)\"><animate attributeName=\"opacity\" from=\"1\" to=\"0\" dur=\"1.5s\" begin=\"1.125s\" repeatCount=\"indefinite\" ><\/rect><rect class=\"wppa-ajaxspin\" x=\"47\" y=\"40\" width=\"6\" height=\"20\" rx=\"3\" ry=\"3\" transform=\"rotate(292.5 50 50) translate(0 -32)\"><animate attributeName=\"opacity\" from=\"1\" to=\"0\" dur=\"1.5s\" begin=\"1.21875s\" repeatCount=\"indefinite\" ><\/rect><rect class=\"wppa-ajaxspin\" x=\"47\" y=\"40\" width=\"6\" height=\"20\" rx=\"3\" ry=\"3\" transform=\"rotate(315 50 50) translate(0 -32)\"><animate attributeName=\"opacity\" from=\"1\" to=\"0\" dur=\"1.5s\" begin=\"1.3125s\" repeatCount=\"indefinite\" ><\/rect><rect class=\"wppa-ajaxspin\" x=\"47\" y=\"40\" width=\"6\" height=\"20\" rx=\"3\" ry=\"3\" transform=\"rotate(337.5 50 50) translate(0 -32)\"><animate attributeName=\"opacity\" from=\"1\" to=\"0\" dur=\"1.5s\" begin=\"1.40625s\" repeatCount=\"indefinite\" ><\/rect><\/svg><input type=\"hidden\" id=\"wppa-nonce-0-1\" name=\"wppa-nonce\" value=\"d5c3b51b9d\" ><div id=\"wppa-bc-1\" class=\"wppa-nav wppa-box wppa-nav-text wppa-bc\" ><a href=\"https:\/\/www.saengerchor-olympia.de#wppa-container-1\" class=\"wppa-nav-text b1\" style=\"cursor:pointer\" title=\"S\u00e4ngerchor Olympia 1860 e.V. Steinheim\">Start<\/a><span class=\"wppa-nav-text b1\"> &raquo; <\/span><span id=\"bc-pname-1\" class=\"wppa-nav-text b3\" style=\"cursor:pointer;\" title=\"Seite: Galerie\">Galerie<\/span><div style=\"clear:both\"><\/div><\/div><div id=\"wppa-albumlist-1\" style=\"overflow:auto;\" class=\"albumlist\"><div id=\"album-28-1\" title=\"Zeige das Album Chor-Wochenende 2023\" style=\"width:100%;clear:both;cursor:pointer;\" class=\"wppa-album-cover-standard album wppa-box wppa-cover-box wppa-cover-box-1\" onclick=\"wppaDoAjaxRender(event, 1, &#039;https:\/\/www.saengerchor-olympia.de\/index.php?rest_route=\/wp-photo-album-plus\/endPoint?action=wppa&wppa-action=render&wppa-size=640&wppa-occur=1&wppa-fromp=164&lang=de&wppa-album=28&wppa-cover=0&wppa-occur=1&data-alb=28&#039;, &#039;https:\/\/www.saengerchor-olympia.de\/?page_id=164&lang=de&wppa-album=97fe5c340c6ee6f5&wppa-cover=0&wppa-occur=1&data-alb=28&#039; );return false;\"><div id=\"covertext_frame_28_1\" style=\"width:459px; float:left\" class=\"wppa-text-frame-1 wppa-text-frame wppa-cover-text-frame wppa-asym-text-frame-1\"><h2 style=\"clear:none\" class=\"wppa-title\"><a title=\"Zeige das Album Chor-Wochenende 2023\" href=\"https:\/\/www.saengerchor-olympia.de\/?page_id=164&#038;lang=de&#038;wppa-album=97fe5c340c6ee6f5&#038;wppa-cover=0&#038;wppa-occur=1&#038;data-alb=28\" target=\"_self\" class=\"wppa-title\" onclick=\"wppaDoAjaxRender(event, 1, &#039;https:\/\/www.saengerchor-olympia.de\/index.php?rest_route=\/wp-photo-album-plus\/endPoint?action=wppa&wppa-action=render&wppa-size=640&wppa-occur=1&wppa-fromp=164&lang=de&wppa-album=28&wppa-cover=0&wppa-occur=1&data-alb=28&#039;, &#039;https:\/\/www.saengerchor-olympia.de\/?page_id=164&lang=de&wppa-album=97fe5c340c6ee6f5&wppa-cover=0&wppa-occur=1&data-alb=28&#039; );return false;\">Chor-Wochenende 2023<\/a><\/h2><div style=\"min-height:54px;\" class=\"wppa-box-text wppa-black wppa-box-text-desc\">Am 1. und 2. April hat sich der Chor Taktvoll im Marstall Steinheim zum Chorwochenende versammelt.<\/div><div class=\"wppa-box-text wppa-black wppa-info wppa-slideshow-browse-link wppa-album-cover-link\"><a title=\"Diashow\" style=\"cursor:pointer\" class=\"wppa-album-cover-link\" onclick=\"wppaDoAjaxRender(event, 1, &#039;https:\/\/www.saengerchor-olympia.de\/index.php?rest_route=\/wp-photo-album-plus\/endPoint?action=wppa&wppa-action=render&wppa-size=640&wppa-occur=1&wppa-fromp=164&lang=de&wppa-slide=1&wppa-occur=1&wppa-album=28&#039;, &#039;https:\/\/www.saengerchor-olympia.de\/?page_id=164&lang=de&wppa-slide=1&wppa-occur=1&wppa-album=97fe5c340c6ee6f5&#039; );return false;\">Diashow<\/a><\/div><div class=\"wppa-box-text wppa-black wppa-info wppa-viewlink wppa-album-cover-link\"><a title=\"Zeige das Album Chor-Wochenende 2023\" style=\"cursor:pointer;\" class=\"wppa-album-cover-link\" onclick=\"wppaDoAjaxRender(event, 1, &#039;https:\/\/www.saengerchor-olympia.de\/index.php?rest_route=\/wp-photo-album-plus\/endPoint?action=wppa&wppa-action=render&wppa-size=640&wppa-occur=1&wppa-fromp=164&lang=de&wppa-album=28&wppa-cover=0&wppa-occur=1&data-alb=28&#039;, &#039;https:\/\/www.saengerchor-olympia.de\/?page_id=164&lang=de&wppa-album=97fe5c340c6ee6f5&wppa-cover=0&wppa-occur=1&data-alb=28&#039; );return false;\">18&nbsp;Fotos&nbsp;anzeigen<\/a><\/div><\/div><div id=\"coverphoto_frame_28_1\" style=\"float:right; margin-left:5px;width:160px;\" class=\"coverphoto-frame\"><div title=\" \" style=\"display:inline-block;margin:0 4px;\" onclick=\"wppaStopProp(event)\"><a title=\"Zeige das Album Chor-Wochenende 2023\" style=\"border:0;color:transparent;cursor:pointer;\" href=\"https:\/\/www.saengerchor-olympia.de\/?page_id=164&#038;lang=de&#038;wppa-album=97fe5c340c6ee6f5&#038;wppa-cover=0&#038;wppa-occur=1&#038;data-alb=28\" target=\"_self\" onclick=\"return false;\"><img loading=\"lazy\" decoding=\"async\" style=\"border-width:0px;width:150px;height:75px;opacity:0.85;display:inline;\" width=\"150\" height=\"75\" src=\"https:\/\/www.saengerchor-olympia.de\/wp-content\/uploads\/wppa\/thumbs\/472.jpg?ver=1\" alt=\"chor-35.jpg\" class=\"pietje image wppa-img\" onclick=\"wppaDoAjaxRender(event, 1, &#039;https:\/\/www.saengerchor-olympia.de\/index.php?rest_route=\/wp-photo-album-plus\/endPoint?action=wppa&wppa-action=render&wppa-size=640&wppa-occur=1&wppa-fromp=164&lang=de&wppa-album=28&wppa-cover=0&wppa-occur=1&data-alb=28&#039;, &#039;https:\/\/www.saengerchor-olympia.de\/?page_id=164&lang=de&wppa-album=97fe5c340c6ee6f5&wppa-cover=0&wppa-occur=1&data-alb=28&#039; );return false;;return false;\" onmouseover=\"jQuery(this).fadeTo(400, 1.0)\" onmouseout=\"jQuery(this).fadeTo(400,0.85)\"><\/a><\/div><\/div><div title=\" \" onclick=\"wppaStopProp(event);\"><\/div><div style=\"clear:both;\"><\/div><\/div><div id=\"album-27-1\" title=\"Zeige das Album Gut besuchtes drittes Olympia Chor Cafe\" style=\"width:100%;float:right;cursor:pointer;\" class=\"wppa-album-cover-standard album wppa-box wppa-cover-box wppa-cover-box-1\" onclick=\"wppaDoAjaxRender(event, 1, &#039;https:\/\/www.saengerchor-olympia.de\/index.php?rest_route=\/wp-photo-album-plus\/endPoint?action=wppa&wppa-action=render&wppa-size=640&wppa-occur=1&wppa-fromp=164&lang=de&wppa-album=27&wppa-cover=0&wppa-occur=1&data-alb=27&#039;, &#039;https:\/\/www.saengerchor-olympia.de\/?page_id=164&lang=de&wppa-album=d9d427f6ebad2df3&wppa-cover=0&wppa-occur=1&data-alb=27&#039; );return false;\"><div id=\"covertext_frame_27_1\" style=\"width:459px; float:left\" class=\"wppa-text-frame-1 wppa-text-frame wppa-cover-text-frame wppa-asym-text-frame-1\"><h2 style=\"clear:none\" class=\"wppa-title\"><a title=\"Zeige das Album Gut besuchtes drittes Olympia Chor Cafe\" href=\"https:\/\/www.saengerchor-olympia.de\/?page_id=164&#038;lang=de&#038;wppa-album=d9d427f6ebad2df3&#038;wppa-cover=0&#038;wppa-occur=1&#038;data-alb=27\" target=\"_self\" class=\"wppa-title\" onclick=\"wppaDoAjaxRender(event, 1, &#039;https:\/\/www.saengerchor-olympia.de\/index.php?rest_route=\/wp-photo-album-plus\/endPoint?action=wppa&wppa-action=render&wppa-size=640&wppa-occur=1&wppa-fromp=164&lang=de&wppa-album=27&wppa-cover=0&wppa-occur=1&data-alb=27&#039;, &#039;https:\/\/www.saengerchor-olympia.de\/?page_id=164&lang=de&wppa-album=d9d427f6ebad2df3&wppa-cover=0&wppa-occur=1&data-alb=27&#039; );return false;\">Gut besuchtes drittes Olympia Chor Cafe<\/a><\/h2><div style=\"min-height:54px;\" class=\"wppa-box-text wppa-black wppa-box-text-desc\">Beim dritten Olympia Chor Cafe am letzten Septembersonntag waren die G\u00e4ste mit guter Laune und viel Begeisterung bei der Sache, bis hin zum Mitsingen und Mitschunkeln. Es war ein h\u00f6chst gelungener toller Nachmittag!<\/div><div class=\"wppa-box-text wppa-black wppa-info wppa-slideshow-browse-link wppa-album-cover-link\"><a title=\"Diashow\" style=\"cursor:pointer\" class=\"wppa-album-cover-link\" onclick=\"wppaDoAjaxRender(event, 1, &#039;https:\/\/www.saengerchor-olympia.de\/index.php?rest_route=\/wp-photo-album-plus\/endPoint?action=wppa&wppa-action=render&wppa-size=640&wppa-occur=1&wppa-fromp=164&lang=de&wppa-slide=1&wppa-occur=1&wppa-album=27&#039;, &#039;https:\/\/www.saengerchor-olympia.de\/?page_id=164&lang=de&wppa-slide=1&wppa-occur=1&wppa-album=d9d427f6ebad2df3&#039; );return false;\">Diashow<\/a><\/div><div class=\"wppa-box-text wppa-black wppa-info wppa-viewlink wppa-album-cover-link\"><a title=\"Zeige das Album Gut besuchtes drittes Olympia Chor Cafe\" style=\"cursor:pointer;\" class=\"wppa-album-cover-link\" onclick=\"wppaDoAjaxRender(event, 1, &#039;https:\/\/www.saengerchor-olympia.de\/index.php?rest_route=\/wp-photo-album-plus\/endPoint?action=wppa&wppa-action=render&wppa-size=640&wppa-occur=1&wppa-fromp=164&lang=de&wppa-album=27&wppa-cover=0&wppa-occur=1&data-alb=27&#039;, &#039;https:\/\/www.saengerchor-olympia.de\/?page_id=164&lang=de&wppa-album=d9d427f6ebad2df3&wppa-cover=0&wppa-occur=1&data-alb=27&#039; );return false;\">13&nbsp;Fotos&nbsp;anzeigen<\/a><\/div><\/div><div id=\"coverphoto_frame_27_1\" style=\"float:right; margin-left:5px;width:123px;\" class=\"coverphoto-frame\"><div title=\" \" style=\"display:inline-block;margin:0 4px;\" onclick=\"wppaStopProp(event)\"><a title=\"Zeige das Album Gut besuchtes drittes Olympia Chor Cafe\" style=\"border:0;color:transparent;cursor:pointer;\" href=\"https:\/\/www.saengerchor-olympia.de\/?page_id=164&#038;lang=de&#038;wppa-album=d9d427f6ebad2df3&#038;wppa-cover=0&#038;wppa-occur=1&#038;data-alb=27\" target=\"_self\" onclick=\"return false;\"><img loading=\"lazy\" decoding=\"async\" style=\"border-width:0px;width:113px;height:150px;opacity:0.85;display:inline;\" width=\"113\" height=\"150\" src=\"https:\/\/www.saengerchor-olympia.de\/wp-content\/uploads\/wppa\/thumbs\/457.jpg?ver=1\" alt=\"2019-Chor-Cafe-02.jpg\" class=\"pietje image wppa-img\" onclick=\"wppaDoAjaxRender(event, 1, &#039;https:\/\/www.saengerchor-olympia.de\/index.php?rest_route=\/wp-photo-album-plus\/endPoint?action=wppa&wppa-action=render&wppa-size=640&wppa-occur=1&wppa-fromp=164&lang=de&wppa-album=27&wppa-cover=0&wppa-occur=1&data-alb=27&#039;, &#039;https:\/\/www.saengerchor-olympia.de\/?page_id=164&lang=de&wppa-album=d9d427f6ebad2df3&wppa-cover=0&wppa-occur=1&data-alb=27&#039; );return false;;return false;\" onmouseover=\"jQuery(this).fadeTo(400, 1.0)\" onmouseout=\"jQuery(this).fadeTo(400,0.85)\"><\/a><\/div><\/div><div title=\" \" onclick=\"wppaStopProp(event);\"><\/div><div style=\"clear:both;\"><\/div><\/div><div id=\"album-26-1\" title=\"Zeige das Album Fr\u00fchjahrskonzert des F\u00f6rdervereins Alte Pfarrkirche\" style=\"width:100%;float:right;cursor:pointer;\" class=\"wppa-album-cover-standard album wppa-box wppa-cover-box wppa-cover-box-1\" onclick=\"wppaDoAjaxRender(event, 1, &#039;https:\/\/www.saengerchor-olympia.de\/index.php?rest_route=\/wp-photo-album-plus\/endPoint?action=wppa&wppa-action=render&wppa-size=640&wppa-occur=1&wppa-fromp=164&lang=de&wppa-album=26&wppa-cover=0&wppa-occur=1&data-alb=26&#039;, &#039;https:\/\/www.saengerchor-olympia.de\/?page_id=164&lang=de&wppa-album=8dcb3b6a167bdc74&wppa-cover=0&wppa-occur=1&data-alb=26&#039; );return false;\"><div id=\"covertext_frame_26_1\" style=\"width:459px; float:left\" class=\"wppa-text-frame-1 wppa-text-frame wppa-cover-text-frame wppa-asym-text-frame-1\"><h2 style=\"clear:none\" class=\"wppa-title\"><a title=\"Zeige das Album Fr\u00fchjahrskonzert des F\u00f6rdervereins Alte Pfarrkirche\" href=\"https:\/\/www.saengerchor-olympia.de\/?page_id=164&#038;lang=de&#038;wppa-album=8dcb3b6a167bdc74&#038;wppa-cover=0&#038;wppa-occur=1&#038;data-alb=26\" target=\"_self\" class=\"wppa-title\" onclick=\"wppaDoAjaxRender(event, 1, &#039;https:\/\/www.saengerchor-olympia.de\/index.php?rest_route=\/wp-photo-album-plus\/endPoint?action=wppa&wppa-action=render&wppa-size=640&wppa-occur=1&wppa-fromp=164&lang=de&wppa-album=26&wppa-cover=0&wppa-occur=1&data-alb=26&#039;, &#039;https:\/\/www.saengerchor-olympia.de\/?page_id=164&lang=de&wppa-album=8dcb3b6a167bdc74&wppa-cover=0&wppa-occur=1&data-alb=26&#039; );return false;\">Fr\u00fchjahrskonzert des F\u00f6rdervereins Alte Pfarrkirche<\/a><\/h2><div style=\"min-height:54px;\" class=\"wppa-box-text wppa-black wppa-box-text-desc\">Am diesj\u00e4hrige Fr\u00fchjahrskonzert des F\u00f6rdervereins Alte Pfarrkirche betgeiligten sich auch der Olympia-M\u00e4nnerchor zusammen mit der Harmonie Klein Auheim.<\/div><div class=\"wppa-box-text wppa-black wppa-info wppa-slideshow-browse-link wppa-album-cover-link\"><a title=\"Diashow\" style=\"cursor:pointer\" class=\"wppa-album-cover-link\" onclick=\"wppaDoAjaxRender(event, 1, &#039;https:\/\/www.saengerchor-olympia.de\/index.php?rest_route=\/wp-photo-album-plus\/endPoint?action=wppa&wppa-action=render&wppa-size=640&wppa-occur=1&wppa-fromp=164&lang=de&wppa-slide=1&wppa-occur=1&wppa-album=26&#039;, &#039;https:\/\/www.saengerchor-olympia.de\/?page_id=164&lang=de&wppa-slide=1&wppa-occur=1&wppa-album=8dcb3b6a167bdc74&#039; );return false;\">Diashow<\/a><\/div><div class=\"wppa-box-text wppa-black wppa-info wppa-viewlink wppa-album-cover-link\"><a title=\"Zeige das Album Fr\u00fchjahrskonzert des F\u00f6rdervereins Alte Pfarrkirche\" style=\"cursor:pointer;\" class=\"wppa-album-cover-link\" onclick=\"wppaDoAjaxRender(event, 1, &#039;https:\/\/www.saengerchor-olympia.de\/index.php?rest_route=\/wp-photo-album-plus\/endPoint?action=wppa&wppa-action=render&wppa-size=640&wppa-occur=1&wppa-fromp=164&lang=de&wppa-album=26&wppa-cover=0&wppa-occur=1&data-alb=26&#039;, &#039;https:\/\/www.saengerchor-olympia.de\/?page_id=164&lang=de&wppa-album=8dcb3b6a167bdc74&wppa-cover=0&wppa-occur=1&data-alb=26&#039; );return false;\">8&nbsp;Fotos&nbsp;anzeigen<\/a><\/div><\/div><div id=\"coverphoto_frame_26_1\" style=\"float:right; margin-left:5px;width:160px;\" class=\"coverphoto-frame\"><div title=\" \" style=\"display:inline-block;margin:0 4px;\" onclick=\"wppaStopProp(event)\"><a title=\"Zeige das Album Fr\u00fchjahrskonzert des F\u00f6rdervereins Alte Pfarrkirche\" style=\"border:0;color:transparent;cursor:pointer;\" href=\"https:\/\/www.saengerchor-olympia.de\/?page_id=164&#038;lang=de&#038;wppa-album=8dcb3b6a167bdc74&#038;wppa-cover=0&#038;wppa-occur=1&#038;data-alb=26\" target=\"_self\" onclick=\"return false;\"><img loading=\"lazy\" decoding=\"async\" style=\"border-width:0px;width:150px;height:113px;opacity:0.85;display:inline;\" width=\"150\" height=\"113\" src=\"https:\/\/www.saengerchor-olympia.de\/wp-content\/uploads\/wppa\/thumbs\/411.jpg?ver=1\" alt=\"IMG_20190324_155515.jpg\" class=\"pietje image wppa-img\" onclick=\"wppaDoAjaxRender(event, 1, &#039;https:\/\/www.saengerchor-olympia.de\/index.php?rest_route=\/wp-photo-album-plus\/endPoint?action=wppa&wppa-action=render&wppa-size=640&wppa-occur=1&wppa-fromp=164&lang=de&wppa-album=26&wppa-cover=0&wppa-occur=1&data-alb=26&#039;, &#039;https:\/\/www.saengerchor-olympia.de\/?page_id=164&lang=de&wppa-album=8dcb3b6a167bdc74&wppa-cover=0&wppa-occur=1&data-alb=26&#039; );return false;;return false;\" onmouseover=\"jQuery(this).fadeTo(400, 1.0)\" onmouseout=\"jQuery(this).fadeTo(400,0.85)\"><\/a><\/div><\/div><div title=\" \" onclick=\"wppaStopProp(event);\"><\/div><div style=\"clear:both;\"><\/div><\/div><div id=\"album-25-1\" title=\"Zeige das Album Jahreskonzert 2019\" style=\"width:100%;float:right;cursor:pointer;\" class=\"wppa-album-cover-standard album wppa-box wppa-cover-box wppa-cover-box-1\" onclick=\"wppaDoAjaxRender(event, 1, &#039;https:\/\/www.saengerchor-olympia.de\/index.php?rest_route=\/wp-photo-album-plus\/endPoint?action=wppa&wppa-action=render&wppa-size=640&wppa-occur=1&wppa-fromp=164&lang=de&wppa-album=25&wppa-cover=0&wppa-occur=1&data-alb=25&#039;, &#039;https:\/\/www.saengerchor-olympia.de\/?page_id=164&lang=de&wppa-album=6934c4b300b11209&wppa-cover=0&wppa-occur=1&data-alb=25&#039; );return false;\"><div id=\"covertext_frame_25_1\" style=\"width:459px; float:left\" class=\"wppa-text-frame-1 wppa-text-frame wppa-cover-text-frame wppa-asym-text-frame-1\"><h2 style=\"clear:none\" class=\"wppa-title\"><a title=\"Zeige das Album Jahreskonzert 2019\" href=\"https:\/\/www.saengerchor-olympia.de\/?page_id=164&#038;lang=de&#038;wppa-album=6934c4b300b11209&#038;wppa-cover=0&#038;wppa-occur=1&#038;data-alb=25\" target=\"_self\" class=\"wppa-title\" onclick=\"wppaDoAjaxRender(event, 1, &#039;https:\/\/www.saengerchor-olympia.de\/index.php?rest_route=\/wp-photo-album-plus\/endPoint?action=wppa&wppa-action=render&wppa-size=640&wppa-occur=1&wppa-fromp=164&lang=de&wppa-album=25&wppa-cover=0&wppa-occur=1&data-alb=25&#039;, &#039;https:\/\/www.saengerchor-olympia.de\/?page_id=164&lang=de&wppa-album=6934c4b300b11209&wppa-cover=0&wppa-occur=1&data-alb=25&#039; );return false;\">Jahreskonzert 2019<\/a><\/h2><div style=\"min-height:54px;\" class=\"wppa-box-text wppa-black wppa-box-text-desc\">Impressionen von unseren Jahreskonzert 2019<\/div><div class=\"wppa-box-text wppa-black wppa-info wppa-slideshow-browse-link wppa-album-cover-link\"><a title=\"Diashow\" style=\"cursor:pointer\" class=\"wppa-album-cover-link\" onclick=\"wppaDoAjaxRender(event, 1, &#039;https:\/\/www.saengerchor-olympia.de\/index.php?rest_route=\/wp-photo-album-plus\/endPoint?action=wppa&wppa-action=render&wppa-size=640&wppa-occur=1&wppa-fromp=164&lang=de&wppa-slide=1&wppa-occur=1&wppa-album=25&#039;, &#039;https:\/\/www.saengerchor-olympia.de\/?page_id=164&lang=de&wppa-slide=1&wppa-occur=1&wppa-album=6934c4b300b11209&#039; );return false;\">Diashow<\/a><\/div><div class=\"wppa-box-text wppa-black wppa-info wppa-viewlink wppa-album-cover-link\"><a title=\"Zeige das Album Jahreskonzert 2019\" style=\"cursor:pointer;\" class=\"wppa-album-cover-link\" onclick=\"wppaDoAjaxRender(event, 1, &#039;https:\/\/www.saengerchor-olympia.de\/index.php?rest_route=\/wp-photo-album-plus\/endPoint?action=wppa&wppa-action=render&wppa-size=640&wppa-occur=1&wppa-fromp=164&lang=de&wppa-album=25&wppa-cover=0&wppa-occur=1&data-alb=25&#039;, &#039;https:\/\/www.saengerchor-olympia.de\/?page_id=164&lang=de&wppa-album=6934c4b300b11209&wppa-cover=0&wppa-occur=1&data-alb=25&#039; );return false;\">48&nbsp;Fotos&nbsp;anzeigen<\/a><\/div><\/div><div id=\"coverphoto_frame_25_1\" style=\"float:right; margin-left:5px;width:160px;\" class=\"coverphoto-frame\"><div title=\" \" style=\"display:inline-block;margin:0 4px;\" onclick=\"wppaStopProp(event)\"><a title=\"Zeige das Album Jahreskonzert 2019\" style=\"border:0;color:transparent;cursor:pointer;\" href=\"https:\/\/www.saengerchor-olympia.de\/?page_id=164&#038;lang=de&#038;wppa-album=6934c4b300b11209&#038;wppa-cover=0&#038;wppa-occur=1&#038;data-alb=25\" target=\"_self\" onclick=\"return false;\"><img loading=\"lazy\" decoding=\"async\" style=\"border-width:0px;width:150px;height:100px;opacity:0.85;display:inline;\" width=\"150\" height=\"100\" src=\"https:\/\/www.saengerchor-olympia.de\/wp-content\/uploads\/wppa\/thumbs\/389.jpg?ver=1\" alt=\"Bild 02.JPG\" class=\"pietje image wppa-img\" onclick=\"wppaDoAjaxRender(event, 1, &#039;https:\/\/www.saengerchor-olympia.de\/index.php?rest_route=\/wp-photo-album-plus\/endPoint?action=wppa&wppa-action=render&wppa-size=640&wppa-occur=1&wppa-fromp=164&lang=de&wppa-album=25&wppa-cover=0&wppa-occur=1&data-alb=25&#039;, &#039;https:\/\/www.saengerchor-olympia.de\/?page_id=164&lang=de&wppa-album=6934c4b300b11209&wppa-cover=0&wppa-occur=1&data-alb=25&#039; );return false;;return false;\" onmouseover=\"jQuery(this).fadeTo(400, 1.0)\" onmouseout=\"jQuery(this).fadeTo(400,0.85)\"><\/a><\/div><\/div><div title=\" \" onclick=\"wppaStopProp(event);\"><\/div><div style=\"clear:both;\"><\/div><\/div><div id=\"album-24-1\" title=\"Zeige das Album Vereinsausflug nach Aschaffenburg\" style=\"width:100%;float:right;cursor:pointer;\" class=\"wppa-album-cover-standard album wppa-box wppa-cover-box wppa-cover-box-1\" onclick=\"wppaDoAjaxRender(event, 1, &#039;https:\/\/www.saengerchor-olympia.de\/index.php?rest_route=\/wp-photo-album-plus\/endPoint?action=wppa&wppa-action=render&wppa-size=640&wppa-occur=1&wppa-fromp=164&lang=de&wppa-album=24&wppa-cover=0&wppa-occur=1&data-alb=24&#039;, &#039;https:\/\/www.saengerchor-olympia.de\/?page_id=164&lang=de&wppa-album=4ff2a4e5366e138a&wppa-cover=0&wppa-occur=1&data-alb=24&#039; );return false;\"><div id=\"covertext_frame_24_1\" style=\"width:459px; float:left\" class=\"wppa-text-frame-1 wppa-text-frame wppa-cover-text-frame wppa-asym-text-frame-1\"><h2 style=\"clear:none\" class=\"wppa-title\"><a title=\"Zeige das Album Vereinsausflug nach Aschaffenburg\" href=\"https:\/\/www.saengerchor-olympia.de\/?page_id=164&#038;lang=de&#038;wppa-album=4ff2a4e5366e138a&#038;wppa-cover=0&#038;wppa-occur=1&#038;data-alb=24\" target=\"_self\" class=\"wppa-title\" onclick=\"wppaDoAjaxRender(event, 1, &#039;https:\/\/www.saengerchor-olympia.de\/index.php?rest_route=\/wp-photo-album-plus\/endPoint?action=wppa&wppa-action=render&wppa-size=640&wppa-occur=1&wppa-fromp=164&lang=de&wppa-album=24&wppa-cover=0&wppa-occur=1&data-alb=24&#039;, &#039;https:\/\/www.saengerchor-olympia.de\/?page_id=164&lang=de&wppa-album=4ff2a4e5366e138a&wppa-cover=0&wppa-occur=1&data-alb=24&#039; );return false;\">Vereinsausflug nach Aschaffenburg<\/a><\/h2><div style=\"min-height:54px;\" class=\"wppa-box-text wppa-black wppa-box-text-desc\"><\/div><div class=\"wppa-box-text wppa-black wppa-info wppa-slideshow-browse-link wppa-album-cover-link\"><a title=\"Diashow\" style=\"cursor:pointer\" class=\"wppa-album-cover-link\" onclick=\"wppaDoAjaxRender(event, 1, &#039;https:\/\/www.saengerchor-olympia.de\/index.php?rest_route=\/wp-photo-album-plus\/endPoint?action=wppa&wppa-action=render&wppa-size=640&wppa-occur=1&wppa-fromp=164&lang=de&wppa-slide=1&wppa-occur=1&wppa-album=24&#039;, &#039;https:\/\/www.saengerchor-olympia.de\/?page_id=164&lang=de&wppa-slide=1&wppa-occur=1&wppa-album=4ff2a4e5366e138a&#039; );return false;\">Diashow<\/a><\/div><div class=\"wppa-box-text wppa-black wppa-info wppa-viewlink wppa-album-cover-link\"><a title=\"Zeige das Album Vereinsausflug nach Aschaffenburg\" style=\"cursor:pointer;\" class=\"wppa-album-cover-link\" onclick=\"wppaDoAjaxRender(event, 1, &#039;https:\/\/www.saengerchor-olympia.de\/index.php?rest_route=\/wp-photo-album-plus\/endPoint?action=wppa&wppa-action=render&wppa-size=640&wppa-occur=1&wppa-fromp=164&lang=de&wppa-album=24&wppa-cover=0&wppa-occur=1&data-alb=24&#039;, &#039;https:\/\/www.saengerchor-olympia.de\/?page_id=164&lang=de&wppa-album=4ff2a4e5366e138a&wppa-cover=0&wppa-occur=1&data-alb=24&#039; );return false;\">11&nbsp;Fotos&nbsp;anzeigen<\/a><\/div><\/div><div id=\"coverphoto_frame_24_1\" style=\"float:right; margin-left:5px;width:160px;\" class=\"coverphoto-frame\"><div title=\" \" style=\"display:inline-block;margin:0 4px;\" onclick=\"wppaStopProp(event)\"><a title=\"Zeige das Album Vereinsausflug nach Aschaffenburg\" style=\"border:0;color:transparent;cursor:pointer;\" href=\"https:\/\/www.saengerchor-olympia.de\/?page_id=164&#038;lang=de&#038;wppa-album=4ff2a4e5366e138a&#038;wppa-cover=0&#038;wppa-occur=1&#038;data-alb=24\" target=\"_self\" onclick=\"return false;\"><img loading=\"lazy\" decoding=\"async\" style=\"border-width:0px;width:150px;height:100px;opacity:0.85;display:inline;\" width=\"150\" height=\"100\" src=\"https:\/\/www.saengerchor-olympia.de\/wp-content\/uploads\/wppa\/thumbs\/376.jpg?ver=1\" alt=\"02.jpg\" class=\"pietje image wppa-img\" onclick=\"wppaDoAjaxRender(event, 1, &#039;https:\/\/www.saengerchor-olympia.de\/index.php?rest_route=\/wp-photo-album-plus\/endPoint?action=wppa&wppa-action=render&wppa-size=640&wppa-occur=1&wppa-fromp=164&lang=de&wppa-album=24&wppa-cover=0&wppa-occur=1&data-alb=24&#039;, &#039;https:\/\/www.saengerchor-olympia.de\/?page_id=164&lang=de&wppa-album=4ff2a4e5366e138a&wppa-cover=0&wppa-occur=1&data-alb=24&#039; );return false;;return false;\" onmouseover=\"jQuery(this).fadeTo(400, 1.0)\" onmouseout=\"jQuery(this).fadeTo(400,0.85)\"><\/a><\/div><\/div><div title=\" \" onclick=\"wppaStopProp(event);\"><\/div><div style=\"clear:both;\"><\/div><\/div><div id=\"album-23-1\" title=\"Zeige das Album Abschied von Herrn Wissel\" style=\"width:100%;float:right;cursor:pointer;\" class=\"wppa-album-cover-standard album wppa-box wppa-cover-box wppa-cover-box-1\" onclick=\"wppaDoAjaxRender(event, 1, &#039;https:\/\/www.saengerchor-olympia.de\/index.php?rest_route=\/wp-photo-album-plus\/endPoint?action=wppa&wppa-action=render&wppa-size=640&wppa-occur=1&wppa-fromp=164&lang=de&wppa-album=23&wppa-cover=0&wppa-occur=1&data-alb=23&#039;, &#039;https:\/\/www.saengerchor-olympia.de\/?page_id=164&lang=de&wppa-album=7cd6db50baa8cb92&wppa-cover=0&wppa-occur=1&data-alb=23&#039; );return false;\"><div id=\"covertext_frame_23_1\" style=\"width:459px; float:left\" class=\"wppa-text-frame-1 wppa-text-frame wppa-cover-text-frame wppa-asym-text-frame-1\"><h2 style=\"clear:none\" class=\"wppa-title\"><a title=\"Zeige das Album Abschied von Herrn Wissel\" href=\"https:\/\/www.saengerchor-olympia.de\/?page_id=164&#038;lang=de&#038;wppa-album=7cd6db50baa8cb92&#038;wppa-cover=0&#038;wppa-occur=1&#038;data-alb=23\" target=\"_self\" class=\"wppa-title\" onclick=\"wppaDoAjaxRender(event, 1, &#039;https:\/\/www.saengerchor-olympia.de\/index.php?rest_route=\/wp-photo-album-plus\/endPoint?action=wppa&wppa-action=render&wppa-size=640&wppa-occur=1&wppa-fromp=164&lang=de&wppa-album=23&wppa-cover=0&wppa-occur=1&data-alb=23&#039;, &#039;https:\/\/www.saengerchor-olympia.de\/?page_id=164&lang=de&wppa-album=7cd6db50baa8cb92&wppa-cover=0&wppa-occur=1&data-alb=23&#039; );return false;\">Abschied von Herrn Wissel<\/a><\/h2><div style=\"min-height:54px;\" class=\"wppa-box-text wppa-black wppa-box-text-desc\"><\/div><div class=\"wppa-box-text wppa-black wppa-info wppa-slideshow-browse-link wppa-album-cover-link\"><a title=\"Diashow\" style=\"cursor:pointer\" class=\"wppa-album-cover-link\" onclick=\"wppaDoAjaxRender(event, 1, &#039;https:\/\/www.saengerchor-olympia.de\/index.php?rest_route=\/wp-photo-album-plus\/endPoint?action=wppa&wppa-action=render&wppa-size=640&wppa-occur=1&wppa-fromp=164&lang=de&wppa-slide=1&wppa-occur=1&wppa-album=23&#039;, &#039;https:\/\/www.saengerchor-olympia.de\/?page_id=164&lang=de&wppa-slide=1&wppa-occur=1&wppa-album=7cd6db50baa8cb92&#039; );return false;\">Diashow<\/a><\/div><div class=\"wppa-box-text wppa-black wppa-info wppa-viewlink wppa-album-cover-link\"><a title=\"Zeige das Album Abschied von Herrn Wissel\" style=\"cursor:pointer;\" class=\"wppa-album-cover-link\" onclick=\"wppaDoAjaxRender(event, 1, &#039;https:\/\/www.saengerchor-olympia.de\/index.php?rest_route=\/wp-photo-album-plus\/endPoint?action=wppa&wppa-action=render&wppa-size=640&wppa-occur=1&wppa-fromp=164&lang=de&wppa-album=23&wppa-cover=0&wppa-occur=1&data-alb=23&#039;, &#039;https:\/\/www.saengerchor-olympia.de\/?page_id=164&lang=de&wppa-album=7cd6db50baa8cb92&wppa-cover=0&wppa-occur=1&data-alb=23&#039; );return false;\">16&nbsp;Fotos&nbsp;anzeigen<\/a><\/div><\/div><div id=\"coverphoto_frame_23_1\" style=\"float:right; margin-left:5px;width:160px;\" class=\"coverphoto-frame\"><div title=\" \" style=\"display:inline-block;margin:0 4px;\" onclick=\"wppaStopProp(event)\"><a title=\"Zeige das Album Abschied von Herrn Wissel\" style=\"border:0;color:transparent;cursor:pointer;\" href=\"https:\/\/www.saengerchor-olympia.de\/?page_id=164&#038;lang=de&#038;wppa-album=7cd6db50baa8cb92&#038;wppa-cover=0&#038;wppa-occur=1&#038;data-alb=23\" target=\"_self\" onclick=\"return false;\"><img loading=\"lazy\" decoding=\"async\" style=\"border-width:0px;width:150px;height:113px;opacity:0.85;display:inline;\" width=\"150\" height=\"113\" src=\"https:\/\/www.saengerchor-olympia.de\/wp-content\/uploads\/wppa\/thumbs\/360.jpg?ver=1\" alt=\"CIMG3055.jpg\" class=\"pietje image wppa-img\" onclick=\"wppaDoAjaxRender(event, 1, &#039;https:\/\/www.saengerchor-olympia.de\/index.php?rest_route=\/wp-photo-album-plus\/endPoint?action=wppa&wppa-action=render&wppa-size=640&wppa-occur=1&wppa-fromp=164&lang=de&wppa-album=23&wppa-cover=0&wppa-occur=1&data-alb=23&#039;, &#039;https:\/\/www.saengerchor-olympia.de\/?page_id=164&lang=de&wppa-album=7cd6db50baa8cb92&wppa-cover=0&wppa-occur=1&data-alb=23&#039; );return false;;return false;\" onmouseover=\"jQuery(this).fadeTo(400, 1.0)\" onmouseout=\"jQuery(this).fadeTo(400,0.85)\"><\/a><\/div><\/div><div title=\" \" onclick=\"wppaStopProp(event);\"><\/div><div style=\"clear:both;\"><\/div><\/div><div id=\"album-21-1\" title=\"Zeige das Album Olympia-Konzert 2018\" style=\"width:100%;float:right;cursor:pointer;\" class=\"wppa-album-cover-standard album wppa-box wppa-cover-box wppa-cover-box-1\" onclick=\"wppaDoAjaxRender(event, 1, &#039;https:\/\/www.saengerchor-olympia.de\/index.php?rest_route=\/wp-photo-album-plus\/endPoint?action=wppa&wppa-action=render&wppa-size=640&wppa-occur=1&wppa-fromp=164&lang=de&wppa-album=21&wppa-cover=0&wppa-occur=1&data-alb=21&#039;, &#039;https:\/\/www.saengerchor-olympia.de\/?page_id=164&lang=de&wppa-album=e40bef1f9e196cb7&wppa-cover=0&wppa-occur=1&data-alb=21&#039; );return false;\"><div id=\"covertext_frame_21_1\" style=\"width:459px; float:left\" class=\"wppa-text-frame-1 wppa-text-frame wppa-cover-text-frame wppa-asym-text-frame-1\"><h2 style=\"clear:none\" class=\"wppa-title\"><a title=\"Zeige das Album Olympia-Konzert 2018\" href=\"https:\/\/www.saengerchor-olympia.de\/?page_id=164&#038;lang=de&#038;wppa-album=e40bef1f9e196cb7&#038;wppa-cover=0&#038;wppa-occur=1&#038;data-alb=21\" target=\"_self\" class=\"wppa-title\" onclick=\"wppaDoAjaxRender(event, 1, &#039;https:\/\/www.saengerchor-olympia.de\/index.php?rest_route=\/wp-photo-album-plus\/endPoint?action=wppa&wppa-action=render&wppa-size=640&wppa-occur=1&wppa-fromp=164&lang=de&wppa-album=21&wppa-cover=0&wppa-occur=1&data-alb=21&#039;, &#039;https:\/\/www.saengerchor-olympia.de\/?page_id=164&lang=de&wppa-album=e40bef1f9e196cb7&wppa-cover=0&wppa-occur=1&data-alb=21&#039; );return false;\">Olympia-Konzert 2018<\/a><\/h2><div style=\"min-height:54px;\" class=\"wppa-box-text wppa-black wppa-box-text-desc\"><\/div><div class=\"wppa-box-text wppa-black wppa-info wppa-slideshow-browse-link wppa-album-cover-link\"><a title=\"Diashow\" style=\"cursor:pointer\" class=\"wppa-album-cover-link\" onclick=\"wppaDoAjaxRender(event, 1, &#039;https:\/\/www.saengerchor-olympia.de\/index.php?rest_route=\/wp-photo-album-plus\/endPoint?action=wppa&wppa-action=render&wppa-size=640&wppa-occur=1&wppa-fromp=164&lang=de&wppa-slide=1&wppa-occur=1&wppa-album=21&#039;, &#039;https:\/\/www.saengerchor-olympia.de\/?page_id=164&lang=de&wppa-slide=1&wppa-occur=1&wppa-album=e40bef1f9e196cb7&#039; );return false;\">Diashow<\/a><\/div><div class=\"wppa-box-text wppa-black wppa-info wppa-viewlink wppa-album-cover-link\"><a title=\"Zeige das Album Olympia-Konzert 2018\" style=\"cursor:pointer;\" class=\"wppa-album-cover-link\" onclick=\"wppaDoAjaxRender(event, 1, &#039;https:\/\/www.saengerchor-olympia.de\/index.php?rest_route=\/wp-photo-album-plus\/endPoint?action=wppa&wppa-action=render&wppa-size=640&wppa-occur=1&wppa-fromp=164&lang=de&wppa-album=21&wppa-cover=0&wppa-occur=1&data-alb=21&#039;, &#039;https:\/\/www.saengerchor-olympia.de\/?page_id=164&lang=de&wppa-album=e40bef1f9e196cb7&wppa-cover=0&wppa-occur=1&data-alb=21&#039; );return false;\">65&nbsp;Fotos&nbsp;anzeigen<\/a><\/div><\/div><div id=\"coverphoto_frame_21_1\" style=\"float:right; margin-left:5px;width:160px;\" class=\"coverphoto-frame\"><div title=\" \" style=\"display:inline-block;margin:0 4px;\" onclick=\"wppaStopProp(event)\"><a title=\"Zeige das Album Olympia-Konzert 2018\" style=\"border:0;color:transparent;cursor:pointer;\" href=\"https:\/\/www.saengerchor-olympia.de\/?page_id=164&#038;lang=de&#038;wppa-album=e40bef1f9e196cb7&#038;wppa-cover=0&#038;wppa-occur=1&#038;data-alb=21\" target=\"_self\" onclick=\"return false;\"><img loading=\"lazy\" decoding=\"async\" style=\"border-width:0px;width:150px;height:49px;opacity:0.85;display:inline;\" width=\"150\" height=\"49\" src=\"https:\/\/www.saengerchor-olympia.de\/wp-content\/uploads\/wppa\/thumbs\/291.jpg?ver=1\" alt=\"DSC_0906_v1.JPG\" class=\"pietje image wppa-img\" onclick=\"wppaDoAjaxRender(event, 1, &#039;https:\/\/www.saengerchor-olympia.de\/index.php?rest_route=\/wp-photo-album-plus\/endPoint?action=wppa&wppa-action=render&wppa-size=640&wppa-occur=1&wppa-fromp=164&lang=de&wppa-album=21&wppa-cover=0&wppa-occur=1&data-alb=21&#039;, &#039;https:\/\/www.saengerchor-olympia.de\/?page_id=164&lang=de&wppa-album=e40bef1f9e196cb7&wppa-cover=0&wppa-occur=1&data-alb=21&#039; );return false;;return false;\" onmouseover=\"jQuery(this).fadeTo(400, 1.0)\" onmouseout=\"jQuery(this).fadeTo(400,0.85)\"><\/a><\/div><\/div><div title=\" \" onclick=\"wppaStopProp(event);\"><\/div><div style=\"clear:both;\"><\/div><\/div><div id=\"album-20-1\" title=\"Zeige das Album Altstadtfest 2017 am Stand der Olympia\" style=\"width:100%;float:right;cursor:pointer;\" class=\"wppa-album-cover-standard album wppa-box wppa-cover-box wppa-cover-box-1\" onclick=\"wppaDoAjaxRender(event, 1, &#039;https:\/\/www.saengerchor-olympia.de\/index.php?rest_route=\/wp-photo-album-plus\/endPoint?action=wppa&wppa-action=render&wppa-size=640&wppa-occur=1&wppa-fromp=164&lang=de&wppa-album=20&wppa-cover=0&wppa-occur=1&data-alb=20&#039;, &#039;https:\/\/www.saengerchor-olympia.de\/?page_id=164&lang=de&wppa-album=476183716bc6116b&wppa-cover=0&wppa-occur=1&data-alb=20&#039; );return false;\"><div id=\"covertext_frame_20_1\" style=\"width:459px; float:left\" class=\"wppa-text-frame-1 wppa-text-frame wppa-cover-text-frame wppa-asym-text-frame-1\"><h2 style=\"clear:none\" class=\"wppa-title\"><a title=\"Zeige das Album Altstadtfest 2017 am Stand der Olympia\" href=\"https:\/\/www.saengerchor-olympia.de\/?page_id=164&#038;lang=de&#038;wppa-album=476183716bc6116b&#038;wppa-cover=0&#038;wppa-occur=1&#038;data-alb=20\" target=\"_self\" class=\"wppa-title\" onclick=\"wppaDoAjaxRender(event, 1, &#039;https:\/\/www.saengerchor-olympia.de\/index.php?rest_route=\/wp-photo-album-plus\/endPoint?action=wppa&wppa-action=render&wppa-size=640&wppa-occur=1&wppa-fromp=164&lang=de&wppa-album=20&wppa-cover=0&wppa-occur=1&data-alb=20&#039;, &#039;https:\/\/www.saengerchor-olympia.de\/?page_id=164&lang=de&wppa-album=476183716bc6116b&wppa-cover=0&wppa-occur=1&data-alb=20&#039; );return false;\">Altstadtfest 2017 am Stand der Olympia<\/a><\/h2><div style=\"min-height:54px;\" class=\"wppa-box-text wppa-black wppa-box-text-desc\"><\/div><div class=\"wppa-box-text wppa-black wppa-info wppa-slideshow-browse-link wppa-album-cover-link\"><a title=\"Diashow\" style=\"cursor:pointer\" class=\"wppa-album-cover-link\" onclick=\"wppaDoAjaxRender(event, 1, &#039;https:\/\/www.saengerchor-olympia.de\/index.php?rest_route=\/wp-photo-album-plus\/endPoint?action=wppa&wppa-action=render&wppa-size=640&wppa-occur=1&wppa-fromp=164&lang=de&wppa-slide=1&wppa-occur=1&wppa-album=20&#039;, &#039;https:\/\/www.saengerchor-olympia.de\/?page_id=164&lang=de&wppa-slide=1&wppa-occur=1&wppa-album=476183716bc6116b&#039; );return false;\">Diashow<\/a><\/div><div class=\"wppa-box-text wppa-black wppa-info wppa-viewlink wppa-album-cover-link\"><a title=\"Zeige das Album Altstadtfest 2017 am Stand der Olympia\" style=\"cursor:pointer;\" class=\"wppa-album-cover-link\" onclick=\"wppaDoAjaxRender(event, 1, &#039;https:\/\/www.saengerchor-olympia.de\/index.php?rest_route=\/wp-photo-album-plus\/endPoint?action=wppa&wppa-action=render&wppa-size=640&wppa-occur=1&wppa-fromp=164&lang=de&wppa-album=20&wppa-cover=0&wppa-occur=1&data-alb=20&#039;, &#039;https:\/\/www.saengerchor-olympia.de\/?page_id=164&lang=de&wppa-album=476183716bc6116b&wppa-cover=0&wppa-occur=1&data-alb=20&#039; );return false;\">13&nbsp;Fotos&nbsp;anzeigen<\/a><\/div><\/div><div id=\"coverphoto_frame_20_1\" style=\"float:right; margin-left:5px;width:123px;\" class=\"coverphoto-frame\"><div title=\" \" style=\"display:inline-block;margin:0 4px;\" onclick=\"wppaStopProp(event)\"><a title=\"Zeige das Album Altstadtfest 2017 am Stand der Olympia\" style=\"border:0;color:transparent;cursor:pointer;\" href=\"https:\/\/www.saengerchor-olympia.de\/?page_id=164&#038;lang=de&#038;wppa-album=476183716bc6116b&#038;wppa-cover=0&#038;wppa-occur=1&#038;data-alb=20\" target=\"_self\" onclick=\"return false;\"><img loading=\"lazy\" decoding=\"async\" style=\"border-width:0px;width:113px;height:150px;opacity:0.85;display:inline;\" width=\"113\" height=\"150\" src=\"https:\/\/www.saengerchor-olympia.de\/wp-content\/uploads\/wppa\/thumbs\/289.jpg?ver=1\" alt=\"5471498289713416.jpg\" class=\"pietje image wppa-img\" onclick=\"wppaDoAjaxRender(event, 1, &#039;https:\/\/www.saengerchor-olympia.de\/index.php?rest_route=\/wp-photo-album-plus\/endPoint?action=wppa&wppa-action=render&wppa-size=640&wppa-occur=1&wppa-fromp=164&lang=de&wppa-album=20&wppa-cover=0&wppa-occur=1&data-alb=20&#039;, &#039;https:\/\/www.saengerchor-olympia.de\/?page_id=164&lang=de&wppa-album=476183716bc6116b&wppa-cover=0&wppa-occur=1&data-alb=20&#039; );return false;;return false;\" onmouseover=\"jQuery(this).fadeTo(400, 1.0)\" onmouseout=\"jQuery(this).fadeTo(400,0.85)\"><\/a><\/div><\/div><div title=\" \" onclick=\"wppaStopProp(event);\"><\/div><div style=\"clear:both;\"><\/div><\/div><div id=\"album-19-1\" title=\"Zeige das Album Olympia-Konzert 2016\" style=\"width:100%;float:right;cursor:pointer;\" class=\"wppa-album-cover-standard album wppa-box wppa-cover-box wppa-cover-box-1\" onclick=\"wppaDoAjaxRender(event, 1, &#039;https:\/\/www.saengerchor-olympia.de\/index.php?rest_route=\/wp-photo-album-plus\/endPoint?action=wppa&wppa-action=render&wppa-size=640&wppa-occur=1&wppa-fromp=164&lang=de&wppa-album=19&wppa-cover=0&wppa-occur=1&data-alb=19&#039;, &#039;https:\/\/www.saengerchor-olympia.de\/?page_id=164&lang=de&wppa-album=5daa1538b30eb883&wppa-cover=0&wppa-occur=1&data-alb=19&#039; );return false;\"><div id=\"covertext_frame_19_1\" style=\"width:459px; float:left\" class=\"wppa-text-frame-1 wppa-text-frame wppa-cover-text-frame wppa-asym-text-frame-1\"><h2 style=\"clear:none\" class=\"wppa-title\"><a title=\"Zeige das Album Olympia-Konzert 2016\" href=\"https:\/\/www.saengerchor-olympia.de\/?page_id=164&#038;lang=de&#038;wppa-album=5daa1538b30eb883&#038;wppa-cover=0&#038;wppa-occur=1&#038;data-alb=19\" target=\"_self\" class=\"wppa-title\" onclick=\"wppaDoAjaxRender(event, 1, &#039;https:\/\/www.saengerchor-olympia.de\/index.php?rest_route=\/wp-photo-album-plus\/endPoint?action=wppa&wppa-action=render&wppa-size=640&wppa-occur=1&wppa-fromp=164&lang=de&wppa-album=19&wppa-cover=0&wppa-occur=1&data-alb=19&#039;, &#039;https:\/\/www.saengerchor-olympia.de\/?page_id=164&lang=de&wppa-album=5daa1538b30eb883&wppa-cover=0&wppa-occur=1&data-alb=19&#039; );return false;\">Olympia-Konzert 2016<\/a><\/h2><div style=\"min-height:54px;\" class=\"wppa-box-text wppa-black wppa-box-text-desc\">Singen ist unser Leben<\/div><div class=\"wppa-box-text wppa-black wppa-info wppa-slideshow-browse-link wppa-album-cover-link\"><a title=\"Diashow\" style=\"cursor:pointer\" class=\"wppa-album-cover-link\" onclick=\"wppaDoAjaxRender(event, 1, &#039;https:\/\/www.saengerchor-olympia.de\/index.php?rest_route=\/wp-photo-album-plus\/endPoint?action=wppa&wppa-action=render&wppa-size=640&wppa-occur=1&wppa-fromp=164&lang=de&wppa-slide=1&wppa-occur=1&wppa-album=19&#039;, &#039;https:\/\/www.saengerchor-olympia.de\/?page_id=164&lang=de&wppa-slide=1&wppa-occur=1&wppa-album=5daa1538b30eb883&#039; );return false;\">Diashow<\/a><\/div><div class=\"wppa-box-text wppa-black wppa-info wppa-viewlink wppa-album-cover-link\"><a title=\"Zeige das Album Olympia-Konzert 2016\" style=\"cursor:pointer;\" class=\"wppa-album-cover-link\" onclick=\"wppaDoAjaxRender(event, 1, &#039;https:\/\/www.saengerchor-olympia.de\/index.php?rest_route=\/wp-photo-album-plus\/endPoint?action=wppa&wppa-action=render&wppa-size=640&wppa-occur=1&wppa-fromp=164&lang=de&wppa-album=19&wppa-cover=0&wppa-occur=1&data-alb=19&#039;, &#039;https:\/\/www.saengerchor-olympia.de\/?page_id=164&lang=de&wppa-album=5daa1538b30eb883&wppa-cover=0&wppa-occur=1&data-alb=19&#039; );return false;\">12&nbsp;Fotos&nbsp;anzeigen<\/a><\/div><\/div><div id=\"coverphoto_frame_19_1\" style=\"float:right; margin-left:5px;width:160px;\" class=\"coverphoto-frame\"><div title=\" \" style=\"display:inline-block;margin:0 4px;\" onclick=\"wppaStopProp(event)\"><a title=\"Zeige das Album Olympia-Konzert 2016\" style=\"border:0;color:transparent;cursor:pointer;\" href=\"https:\/\/www.saengerchor-olympia.de\/?page_id=164&#038;lang=de&#038;wppa-album=5daa1538b30eb883&#038;wppa-cover=0&#038;wppa-occur=1&#038;data-alb=19\" target=\"_self\" onclick=\"return false;\"><img loading=\"lazy\" decoding=\"async\" style=\"border-width:0px;width:150px;height:100px;opacity:0.85;display:inline;\" width=\"150\" height=\"100\" src=\"https:\/\/www.saengerchor-olympia.de\/wp-content\/uploads\/wppa\/thumbs\/266.jpg?ver=1\" alt=\"Bild 2.JPG\" class=\"pietje image wppa-img\" onclick=\"wppaDoAjaxRender(event, 1, &#039;https:\/\/www.saengerchor-olympia.de\/index.php?rest_route=\/wp-photo-album-plus\/endPoint?action=wppa&wppa-action=render&wppa-size=640&wppa-occur=1&wppa-fromp=164&lang=de&wppa-album=19&wppa-cover=0&wppa-occur=1&data-alb=19&#039;, &#039;https:\/\/www.saengerchor-olympia.de\/?page_id=164&lang=de&wppa-album=5daa1538b30eb883&wppa-cover=0&wppa-occur=1&data-alb=19&#039; );return false;;return false;\" onmouseover=\"jQuery(this).fadeTo(400, 1.0)\" onmouseout=\"jQuery(this).fadeTo(400,0.85)\"><\/a><\/div><\/div><div title=\" \" onclick=\"wppaStopProp(event);\"><\/div><div style=\"clear:both;\"><\/div><\/div><div id=\"album-18-1\" title=\"Zeige das Album Olympia beim Seifenkistenrennen\" style=\"width:100%;float:right;cursor:pointer;\" class=\"wppa-album-cover-standard album wppa-box wppa-cover-box wppa-cover-box-1\" onclick=\"wppaDoAjaxRender(event, 1, &#039;https:\/\/www.saengerchor-olympia.de\/index.php?rest_route=\/wp-photo-album-plus\/endPoint?action=wppa&wppa-action=render&wppa-size=640&wppa-occur=1&wppa-fromp=164&lang=de&wppa-album=18&wppa-cover=0&wppa-occur=1&data-alb=18&#039;, &#039;https:\/\/www.saengerchor-olympia.de\/?page_id=164&lang=de&wppa-album=189e05cef50fe026&wppa-cover=0&wppa-occur=1&data-alb=18&#039; );return false;\"><div id=\"covertext_frame_18_1\" style=\"width:459px; float:left\" class=\"wppa-text-frame-1 wppa-text-frame wppa-cover-text-frame wppa-asym-text-frame-1\"><h2 style=\"clear:none\" class=\"wppa-title\"><a title=\"Zeige das Album Olympia beim Seifenkistenrennen\" href=\"https:\/\/www.saengerchor-olympia.de\/?page_id=164&#038;lang=de&#038;wppa-album=189e05cef50fe026&#038;wppa-cover=0&#038;wppa-occur=1&#038;data-alb=18\" target=\"_self\" class=\"wppa-title\" onclick=\"wppaDoAjaxRender(event, 1, &#039;https:\/\/www.saengerchor-olympia.de\/index.php?rest_route=\/wp-photo-album-plus\/endPoint?action=wppa&wppa-action=render&wppa-size=640&wppa-occur=1&wppa-fromp=164&lang=de&wppa-album=18&wppa-cover=0&wppa-occur=1&data-alb=18&#039;, &#039;https:\/\/www.saengerchor-olympia.de\/?page_id=164&lang=de&wppa-album=189e05cef50fe026&wppa-cover=0&wppa-occur=1&data-alb=18&#039; );return false;\">Olympia beim Seifenkistenrennen<\/a><\/h2><div style=\"min-height:54px;\" class=\"wppa-box-text wppa-black wppa-box-text-desc\">Auch dieses Jahr war die Olympia-Seifenkiste mit ihren Fahrerinnen und Fahrern beim Seifenkistenrennen sehr erfolgreich. \u00dcbertroffen wurde es nur durch den 2. Platz der Olympia-Frauen beim Rennen der gro\u00dfen Kisten.<\/div><div class=\"wppa-box-text wppa-black wppa-info wppa-slideshow-browse-link wppa-album-cover-link\"><a title=\"Diashow\" style=\"cursor:pointer\" class=\"wppa-album-cover-link\" onclick=\"wppaDoAjaxRender(event, 1, &#039;https:\/\/www.saengerchor-olympia.de\/index.php?rest_route=\/wp-photo-album-plus\/endPoint?action=wppa&wppa-action=render&wppa-size=640&wppa-occur=1&wppa-fromp=164&lang=de&wppa-slide=1&wppa-occur=1&wppa-album=18&#039;, &#039;https:\/\/www.saengerchor-olympia.de\/?page_id=164&lang=de&wppa-slide=1&wppa-occur=1&wppa-album=189e05cef50fe026&#039; );return false;\">Diashow<\/a><\/div><div class=\"wppa-box-text wppa-black wppa-info wppa-viewlink wppa-album-cover-link\"><a title=\"Zeige das Album Olympia beim Seifenkistenrennen\" style=\"cursor:pointer;\" class=\"wppa-album-cover-link\" onclick=\"wppaDoAjaxRender(event, 1, &#039;https:\/\/www.saengerchor-olympia.de\/index.php?rest_route=\/wp-photo-album-plus\/endPoint?action=wppa&wppa-action=render&wppa-size=640&wppa-occur=1&wppa-fromp=164&lang=de&wppa-album=18&wppa-cover=0&wppa-occur=1&data-alb=18&#039;, &#039;https:\/\/www.saengerchor-olympia.de\/?page_id=164&lang=de&wppa-album=189e05cef50fe026&wppa-cover=0&wppa-occur=1&data-alb=18&#039; );return false;\">9&nbsp;Fotos&nbsp;anzeigen<\/a><\/div><\/div><div id=\"coverphoto_frame_18_1\" style=\"float:right; margin-left:5px;width:160px;\" class=\"coverphoto-frame\"><div title=\" \" style=\"display:inline-block;margin:0 4px;\" onclick=\"wppaStopProp(event)\"><a title=\"Zeige das Album Olympia beim Seifenkistenrennen\" style=\"border:0;color:transparent;cursor:pointer;\" href=\"https:\/\/www.saengerchor-olympia.de\/?page_id=164&#038;lang=de&#038;wppa-album=189e05cef50fe026&#038;wppa-cover=0&#038;wppa-occur=1&#038;data-alb=18\" target=\"_self\" onclick=\"return false;\"><img loading=\"lazy\" decoding=\"async\" style=\"border-width:0px;width:150px;height:113px;opacity:0.85;display:inline;\" width=\"150\" height=\"113\" src=\"https:\/\/www.saengerchor-olympia.de\/wp-content\/uploads\/wppa\/thumbs\/257.jpg?ver=1\" alt=\"02.jpg\" class=\"pietje image wppa-img\" onclick=\"wppaDoAjaxRender(event, 1, &#039;https:\/\/www.saengerchor-olympia.de\/index.php?rest_route=\/wp-photo-album-plus\/endPoint?action=wppa&wppa-action=render&wppa-size=640&wppa-occur=1&wppa-fromp=164&lang=de&wppa-album=18&wppa-cover=0&wppa-occur=1&data-alb=18&#039;, &#039;https:\/\/www.saengerchor-olympia.de\/?page_id=164&lang=de&wppa-album=189e05cef50fe026&wppa-cover=0&wppa-occur=1&data-alb=18&#039; );return false;;return false;\" onmouseover=\"jQuery(this).fadeTo(400, 1.0)\" onmouseout=\"jQuery(this).fadeTo(400,0.85)\"><\/a><\/div><\/div><div title=\" \" onclick=\"wppaStopProp(event);\"><\/div><div style=\"clear:both;\"><\/div><\/div><div id=\"album-17-1\" title=\"Zeige das Album Vereinsausflug nach Wiesbaden\" style=\"width:100%;float:right;cursor:pointer;\" class=\"wppa-album-cover-standard album wppa-box wppa-cover-box wppa-cover-box-1\" onclick=\"wppaDoAjaxRender(event, 1, &#039;https:\/\/www.saengerchor-olympia.de\/index.php?rest_route=\/wp-photo-album-plus\/endPoint?action=wppa&wppa-action=render&wppa-size=640&wppa-occur=1&wppa-fromp=164&lang=de&wppa-album=17&wppa-cover=0&wppa-occur=1&data-alb=17&#039;, &#039;https:\/\/www.saengerchor-olympia.de\/?page_id=164&lang=de&wppa-album=a425e0ab1b58125a&wppa-cover=0&wppa-occur=1&data-alb=17&#039; );return false;\"><div id=\"covertext_frame_17_1\" style=\"width:459px; float:left\" class=\"wppa-text-frame-1 wppa-text-frame wppa-cover-text-frame wppa-asym-text-frame-1\"><h2 style=\"clear:none\" class=\"wppa-title\"><a title=\"Zeige das Album Vereinsausflug nach Wiesbaden\" href=\"https:\/\/www.saengerchor-olympia.de\/?page_id=164&#038;lang=de&#038;wppa-album=a425e0ab1b58125a&#038;wppa-cover=0&#038;wppa-occur=1&#038;data-alb=17\" target=\"_self\" class=\"wppa-title\" onclick=\"wppaDoAjaxRender(event, 1, &#039;https:\/\/www.saengerchor-olympia.de\/index.php?rest_route=\/wp-photo-album-plus\/endPoint?action=wppa&wppa-action=render&wppa-size=640&wppa-occur=1&wppa-fromp=164&lang=de&wppa-album=17&wppa-cover=0&wppa-occur=1&data-alb=17&#039;, &#039;https:\/\/www.saengerchor-olympia.de\/?page_id=164&lang=de&wppa-album=a425e0ab1b58125a&wppa-cover=0&wppa-occur=1&data-alb=17&#039; );return false;\">Vereinsausflug nach Wiesbaden<\/a><\/h2><div style=\"min-height:54px;\" class=\"wppa-box-text wppa-black wppa-box-text-desc\"><\/div><div class=\"wppa-box-text wppa-black wppa-info wppa-slideshow-browse-link wppa-album-cover-link\"><a title=\"Diashow\" style=\"cursor:pointer\" class=\"wppa-album-cover-link\" onclick=\"wppaDoAjaxRender(event, 1, &#039;https:\/\/www.saengerchor-olympia.de\/index.php?rest_route=\/wp-photo-album-plus\/endPoint?action=wppa&wppa-action=render&wppa-size=640&wppa-occur=1&wppa-fromp=164&lang=de&wppa-slide=1&wppa-occur=1&wppa-album=17&#039;, &#039;https:\/\/www.saengerchor-olympia.de\/?page_id=164&lang=de&wppa-slide=1&wppa-occur=1&wppa-album=a425e0ab1b58125a&#039; );return false;\">Diashow<\/a><\/div><div class=\"wppa-box-text wppa-black wppa-info wppa-viewlink wppa-album-cover-link\"><a title=\"Zeige das Album Vereinsausflug nach Wiesbaden\" style=\"cursor:pointer;\" class=\"wppa-album-cover-link\" onclick=\"wppaDoAjaxRender(event, 1, &#039;https:\/\/www.saengerchor-olympia.de\/index.php?rest_route=\/wp-photo-album-plus\/endPoint?action=wppa&wppa-action=render&wppa-size=640&wppa-occur=1&wppa-fromp=164&lang=de&wppa-album=17&wppa-cover=0&wppa-occur=1&data-alb=17&#039;, &#039;https:\/\/www.saengerchor-olympia.de\/?page_id=164&lang=de&wppa-album=a425e0ab1b58125a&wppa-cover=0&wppa-occur=1&data-alb=17&#039; );return false;\">19&nbsp;Fotos&nbsp;anzeigen<\/a><\/div><\/div><div id=\"coverphoto_frame_17_1\" style=\"float:right; margin-left:5px;width:160px;\" class=\"coverphoto-frame\"><div title=\" \" style=\"display:inline-block;margin:0 4px;\" onclick=\"wppaStopProp(event)\"><a title=\"Zeige das Album Vereinsausflug nach Wiesbaden\" style=\"border:0;color:transparent;cursor:pointer;\" href=\"https:\/\/www.saengerchor-olympia.de\/?page_id=164&#038;lang=de&#038;wppa-album=a425e0ab1b58125a&#038;wppa-cover=0&#038;wppa-occur=1&#038;data-alb=17\" target=\"_self\" onclick=\"return false;\"><img loading=\"lazy\" decoding=\"async\" style=\"border-width:0px;width:150px;height:84px;opacity:0.85;display:inline;\" width=\"150\" height=\"84\" src=\"https:\/\/www.saengerchor-olympia.de\/wp-content\/uploads\/wppa\/thumbs\/238.jpg?ver=1\" alt=\"03_DSC00519.JPG\" class=\"pietje image wppa-img\" onclick=\"wppaDoAjaxRender(event, 1, &#039;https:\/\/www.saengerchor-olympia.de\/index.php?rest_route=\/wp-photo-album-plus\/endPoint?action=wppa&wppa-action=render&wppa-size=640&wppa-occur=1&wppa-fromp=164&lang=de&wppa-album=17&wppa-cover=0&wppa-occur=1&data-alb=17&#039;, &#039;https:\/\/www.saengerchor-olympia.de\/?page_id=164&lang=de&wppa-album=a425e0ab1b58125a&wppa-cover=0&wppa-occur=1&data-alb=17&#039; );return false;;return false;\" onmouseover=\"jQuery(this).fadeTo(400, 1.0)\" onmouseout=\"jQuery(this).fadeTo(400,0.85)\"><\/a><\/div><\/div><div title=\" \" onclick=\"wppaStopProp(event);\"><\/div><div style=\"clear:both;\"><\/div><\/div><div id=\"album-16-1\" title=\"Zeige das Album Eiserne Hochzeit von Lieselotte und Edmund B\u00f6hn\" style=\"width:100%;float:right;cursor:pointer;\" class=\"wppa-album-cover-standard album wppa-box wppa-cover-box wppa-cover-box-1\" onclick=\"wppaDoAjaxRender(event, 1, &#039;https:\/\/www.saengerchor-olympia.de\/index.php?rest_route=\/wp-photo-album-plus\/endPoint?action=wppa&wppa-action=render&wppa-size=640&wppa-occur=1&wppa-fromp=164&lang=de&wppa-album=16&wppa-cover=0&wppa-occur=1&data-alb=16&#039;, &#039;https:\/\/www.saengerchor-olympia.de\/?page_id=164&lang=de&wppa-album=d7af7c2d02475ee7&wppa-cover=0&wppa-occur=1&data-alb=16&#039; );return false;\"><div id=\"covertext_frame_16_1\" style=\"width:459px; float:left\" class=\"wppa-text-frame-1 wppa-text-frame wppa-cover-text-frame wppa-asym-text-frame-1\"><h2 style=\"clear:none\" class=\"wppa-title\"><a title=\"Zeige das Album Eiserne Hochzeit von Lieselotte und Edmund B\u00f6hn\" href=\"https:\/\/www.saengerchor-olympia.de\/?page_id=164&#038;lang=de&#038;wppa-album=d7af7c2d02475ee7&#038;wppa-cover=0&#038;wppa-occur=1&#038;data-alb=16\" target=\"_self\" class=\"wppa-title\" onclick=\"wppaDoAjaxRender(event, 1, &#039;https:\/\/www.saengerchor-olympia.de\/index.php?rest_route=\/wp-photo-album-plus\/endPoint?action=wppa&wppa-action=render&wppa-size=640&wppa-occur=1&wppa-fromp=164&lang=de&wppa-album=16&wppa-cover=0&wppa-occur=1&data-alb=16&#039;, &#039;https:\/\/www.saengerchor-olympia.de\/?page_id=164&lang=de&wppa-album=d7af7c2d02475ee7&wppa-cover=0&wppa-occur=1&data-alb=16&#039; );return false;\">Eiserne Hochzeit von Lieselotte und Edmund B\u00f6hn<\/a><\/h2><div style=\"min-height:54px;\" class=\"wppa-box-text wppa-black wppa-box-text-desc\"><\/div><div class=\"wppa-box-text wppa-black wppa-info wppa-slideshow-browse-link wppa-album-cover-link\"><a title=\"Diashow\" style=\"cursor:pointer\" class=\"wppa-album-cover-link\" onclick=\"wppaDoAjaxRender(event, 1, &#039;https:\/\/www.saengerchor-olympia.de\/index.php?rest_route=\/wp-photo-album-plus\/endPoint?action=wppa&wppa-action=render&wppa-size=640&wppa-occur=1&wppa-fromp=164&lang=de&wppa-slide=1&wppa-occur=1&wppa-album=16&#039;, &#039;https:\/\/www.saengerchor-olympia.de\/?page_id=164&lang=de&wppa-slide=1&wppa-occur=1&wppa-album=d7af7c2d02475ee7&#039; );return false;\">Diashow<\/a><\/div><div class=\"wppa-box-text wppa-black wppa-info wppa-viewlink wppa-album-cover-link\"><a title=\"Zeige das Album Eiserne Hochzeit von Lieselotte und Edmund B\u00f6hn\" style=\"cursor:pointer;\" class=\"wppa-album-cover-link\" onclick=\"wppaDoAjaxRender(event, 1, &#039;https:\/\/www.saengerchor-olympia.de\/index.php?rest_route=\/wp-photo-album-plus\/endPoint?action=wppa&wppa-action=render&wppa-size=640&wppa-occur=1&wppa-fromp=164&lang=de&wppa-album=16&wppa-cover=0&wppa-occur=1&data-alb=16&#039;, &#039;https:\/\/www.saengerchor-olympia.de\/?page_id=164&lang=de&wppa-album=d7af7c2d02475ee7&wppa-cover=0&wppa-occur=1&data-alb=16&#039; );return false;\">5&nbsp;Fotos&nbsp;anzeigen<\/a><\/div><\/div><div id=\"coverphoto_frame_16_1\" style=\"float:right; margin-left:5px;width:160px;\" class=\"coverphoto-frame\"><div title=\" \" style=\"display:inline-block;margin:0 4px;\" onclick=\"wppaStopProp(event)\"><a title=\"Zeige das Album Eiserne Hochzeit von Lieselotte und Edmund B\u00f6hn\" style=\"border:0;color:transparent;cursor:pointer;\" href=\"https:\/\/www.saengerchor-olympia.de\/?page_id=164&#038;lang=de&#038;wppa-album=d7af7c2d02475ee7&#038;wppa-cover=0&#038;wppa-occur=1&#038;data-alb=16\" target=\"_self\" onclick=\"return false;\"><img loading=\"lazy\" decoding=\"async\" style=\"border-width:0px;width:150px;height:137px;opacity:0.85;display:inline;\" width=\"150\" height=\"137\" src=\"https:\/\/www.saengerchor-olympia.de\/wp-content\/uploads\/wppa\/thumbs\/232.jpg?ver=1\" alt=\"2015-Eiserne-Hochzeit-104.jpg\" class=\"pietje image wppa-img\" onclick=\"wppaDoAjaxRender(event, 1, &#039;https:\/\/www.saengerchor-olympia.de\/index.php?rest_route=\/wp-photo-album-plus\/endPoint?action=wppa&wppa-action=render&wppa-size=640&wppa-occur=1&wppa-fromp=164&lang=de&wppa-album=16&wppa-cover=0&wppa-occur=1&data-alb=16&#039;, &#039;https:\/\/www.saengerchor-olympia.de\/?page_id=164&lang=de&wppa-album=d7af7c2d02475ee7&wppa-cover=0&wppa-occur=1&data-alb=16&#039; );return false;;return false;\" onmouseover=\"jQuery(this).fadeTo(400, 1.0)\" onmouseout=\"jQuery(this).fadeTo(400,0.85)\"><\/a><\/div><\/div><div title=\" \" onclick=\"wppaStopProp(event);\"><\/div><div style=\"clear:both;\"><\/div><\/div><div id=\"album-15-1\" title=\"Zeige das Album Olympia-Konzert 2015\" style=\"width:100%;float:right;cursor:pointer;\" class=\"wppa-album-cover-standard album wppa-box wppa-cover-box wppa-cover-box-1\" onclick=\"wppaDoAjaxRender(event, 1, &#039;https:\/\/www.saengerchor-olympia.de\/index.php?rest_route=\/wp-photo-album-plus\/endPoint?action=wppa&wppa-action=render&wppa-size=640&wppa-occur=1&wppa-fromp=164&lang=de&wppa-album=15&wppa-cover=0&wppa-occur=1&data-alb=15&#039;, &#039;https:\/\/www.saengerchor-olympia.de\/?page_id=164&lang=de&wppa-album=002dbf25c3bec5f2&wppa-cover=0&wppa-occur=1&data-alb=15&#039; );return false;\"><div id=\"covertext_frame_15_1\" style=\"width:459px; float:left\" class=\"wppa-text-frame-1 wppa-text-frame wppa-cover-text-frame wppa-asym-text-frame-1\"><h2 style=\"clear:none\" class=\"wppa-title\"><a title=\"Zeige das Album Olympia-Konzert 2015\" href=\"https:\/\/www.saengerchor-olympia.de\/?page_id=164&#038;lang=de&#038;wppa-album=002dbf25c3bec5f2&#038;wppa-cover=0&#038;wppa-occur=1&#038;data-alb=15\" target=\"_self\" class=\"wppa-title\" onclick=\"wppaDoAjaxRender(event, 1, &#039;https:\/\/www.saengerchor-olympia.de\/index.php?rest_route=\/wp-photo-album-plus\/endPoint?action=wppa&wppa-action=render&wppa-size=640&wppa-occur=1&wppa-fromp=164&lang=de&wppa-album=15&wppa-cover=0&wppa-occur=1&data-alb=15&#039;, &#039;https:\/\/www.saengerchor-olympia.de\/?page_id=164&lang=de&wppa-album=002dbf25c3bec5f2&wppa-cover=0&wppa-occur=1&data-alb=15&#039; );return false;\">Olympia-Konzert 2015<\/a><\/h2><div style=\"min-height:54px;\" class=\"wppa-box-text wppa-black wppa-box-text-desc\">10 Jahre Taktvoll - 155 Jahre Olympia<\/div><div class=\"wppa-box-text wppa-black wppa-info wppa-slideshow-browse-link wppa-album-cover-link\"><a title=\"Diashow\" style=\"cursor:pointer\" class=\"wppa-album-cover-link\" onclick=\"wppaDoAjaxRender(event, 1, &#039;https:\/\/www.saengerchor-olympia.de\/index.php?rest_route=\/wp-photo-album-plus\/endPoint?action=wppa&wppa-action=render&wppa-size=640&wppa-occur=1&wppa-fromp=164&lang=de&wppa-slide=1&wppa-occur=1&wppa-album=15&#039;, &#039;https:\/\/www.saengerchor-olympia.de\/?page_id=164&lang=de&wppa-slide=1&wppa-occur=1&wppa-album=002dbf25c3bec5f2&#039; );return false;\">Diashow<\/a><\/div><div class=\"wppa-box-text wppa-black wppa-info wppa-viewlink wppa-album-cover-link\"><a title=\"Zeige das Album Olympia-Konzert 2015\" style=\"cursor:pointer;\" class=\"wppa-album-cover-link\" onclick=\"wppaDoAjaxRender(event, 1, &#039;https:\/\/www.saengerchor-olympia.de\/index.php?rest_route=\/wp-photo-album-plus\/endPoint?action=wppa&wppa-action=render&wppa-size=640&wppa-occur=1&wppa-fromp=164&lang=de&wppa-album=15&wppa-cover=0&wppa-occur=1&data-alb=15&#039;, &#039;https:\/\/www.saengerchor-olympia.de\/?page_id=164&lang=de&wppa-album=002dbf25c3bec5f2&wppa-cover=0&wppa-occur=1&data-alb=15&#039; );return false;\">67&nbsp;Fotos&nbsp;anzeigen<\/a><\/div><\/div><div id=\"coverphoto_frame_15_1\" style=\"float:right; margin-left:5px;width:160px;\" class=\"coverphoto-frame\"><div title=\" \" style=\"display:inline-block;margin:0 4px;\" onclick=\"wppaStopProp(event)\"><a title=\"Zeige das Album Olympia-Konzert 2015\" style=\"border:0;color:transparent;cursor:pointer;\" href=\"https:\/\/www.saengerchor-olympia.de\/?page_id=164&#038;lang=de&#038;wppa-album=002dbf25c3bec5f2&#038;wppa-cover=0&#038;wppa-occur=1&#038;data-alb=15\" target=\"_self\" onclick=\"return false;\"><img loading=\"lazy\" decoding=\"async\" style=\"border-width:0px;width:150px;height:95px;opacity:0.85;display:inline;\" width=\"150\" height=\"95\" src=\"https:\/\/www.saengerchor-olympia.de\/wp-content\/uploads\/wppa\/thumbs\/165.jpg?ver=1\" alt=\"CSC_0101.JPG\" class=\"pietje image wppa-img\" onclick=\"wppaDoAjaxRender(event, 1, &#039;https:\/\/www.saengerchor-olympia.de\/index.php?rest_route=\/wp-photo-album-plus\/endPoint?action=wppa&wppa-action=render&wppa-size=640&wppa-occur=1&wppa-fromp=164&lang=de&wppa-album=15&wppa-cover=0&wppa-occur=1&data-alb=15&#039;, &#039;https:\/\/www.saengerchor-olympia.de\/?page_id=164&lang=de&wppa-album=002dbf25c3bec5f2&wppa-cover=0&wppa-occur=1&data-alb=15&#039; );return false;;return false;\" onmouseover=\"jQuery(this).fadeTo(400, 1.0)\" onmouseout=\"jQuery(this).fadeTo(400,0.85)\"><\/a><\/div><\/div><div title=\" \" onclick=\"wppaStopProp(event);\"><\/div><div style=\"clear:both;\"><\/div><\/div><div id=\"album-14-1\" title=\"Zeige das Album Olympia Weihnachtsfeier 2014\" style=\"width:100%;float:right;cursor:pointer;\" class=\"wppa-album-cover-standard album wppa-box wppa-cover-box wppa-cover-box-1\" onclick=\"wppaDoAjaxRender(event, 1, &#039;https:\/\/www.saengerchor-olympia.de\/index.php?rest_route=\/wp-photo-album-plus\/endPoint?action=wppa&wppa-action=render&wppa-size=640&wppa-occur=1&wppa-fromp=164&lang=de&wppa-album=14&wppa-cover=0&wppa-occur=1&data-alb=14&#039;, &#039;https:\/\/www.saengerchor-olympia.de\/?page_id=164&lang=de&wppa-album=6f1340823b20a999&wppa-cover=0&wppa-occur=1&data-alb=14&#039; );return false;\"><div id=\"covertext_frame_14_1\" style=\"width:459px; float:left\" class=\"wppa-text-frame-1 wppa-text-frame wppa-cover-text-frame wppa-asym-text-frame-1\"><h2 style=\"clear:none\" class=\"wppa-title\"><a title=\"Zeige das Album Olympia Weihnachtsfeier 2014\" href=\"https:\/\/www.saengerchor-olympia.de\/?page_id=164&#038;lang=de&#038;wppa-album=6f1340823b20a999&#038;wppa-cover=0&#038;wppa-occur=1&#038;data-alb=14\" target=\"_self\" class=\"wppa-title\" onclick=\"wppaDoAjaxRender(event, 1, &#039;https:\/\/www.saengerchor-olympia.de\/index.php?rest_route=\/wp-photo-album-plus\/endPoint?action=wppa&wppa-action=render&wppa-size=640&wppa-occur=1&wppa-fromp=164&lang=de&wppa-album=14&wppa-cover=0&wppa-occur=1&data-alb=14&#039;, &#039;https:\/\/www.saengerchor-olympia.de\/?page_id=164&lang=de&wppa-album=6f1340823b20a999&wppa-cover=0&wppa-occur=1&data-alb=14&#039; );return false;\">Olympia Weihnachtsfeier 2014<\/a><\/h2><div style=\"min-height:54px;\" class=\"wppa-box-text wppa-black wppa-box-text-desc\"><\/div><div class=\"wppa-box-text wppa-black wppa-info wppa-slideshow-browse-link wppa-album-cover-link\"><a title=\"Diashow\" style=\"cursor:pointer\" class=\"wppa-album-cover-link\" onclick=\"wppaDoAjaxRender(event, 1, &#039;https:\/\/www.saengerchor-olympia.de\/index.php?rest_route=\/wp-photo-album-plus\/endPoint?action=wppa&wppa-action=render&wppa-size=640&wppa-occur=1&wppa-fromp=164&lang=de&wppa-slide=1&wppa-occur=1&wppa-album=14&#039;, &#039;https:\/\/www.saengerchor-olympia.de\/?page_id=164&lang=de&wppa-slide=1&wppa-occur=1&wppa-album=6f1340823b20a999&#039; );return false;\">Diashow<\/a><\/div><div class=\"wppa-box-text wppa-black wppa-info wppa-viewlink wppa-album-cover-link\"><a title=\"Zeige das Album Olympia Weihnachtsfeier 2014\" style=\"cursor:pointer;\" class=\"wppa-album-cover-link\" onclick=\"wppaDoAjaxRender(event, 1, &#039;https:\/\/www.saengerchor-olympia.de\/index.php?rest_route=\/wp-photo-album-plus\/endPoint?action=wppa&wppa-action=render&wppa-size=640&wppa-occur=1&wppa-fromp=164&lang=de&wppa-album=14&wppa-cover=0&wppa-occur=1&data-alb=14&#039;, &#039;https:\/\/www.saengerchor-olympia.de\/?page_id=164&lang=de&wppa-album=6f1340823b20a999&wppa-cover=0&wppa-occur=1&data-alb=14&#039; );return false;\">1&nbsp;Foto&nbsp;anzeigen<\/a><\/div><\/div><div id=\"coverphoto_frame_14_1\" style=\"float:right; margin-left:5px;width:160px;\" class=\"coverphoto-frame\"><div title=\" \" style=\"display:inline-block;margin:0 4px;\" onclick=\"wppaStopProp(event)\"><a title=\"Zeige das Album Olympia Weihnachtsfeier 2014\" style=\"border:0;color:transparent;cursor:pointer;\" href=\"https:\/\/www.saengerchor-olympia.de\/?page_id=164&#038;lang=de&#038;wppa-album=6f1340823b20a999&#038;wppa-cover=0&#038;wppa-occur=1&#038;data-alb=14\" target=\"_self\" onclick=\"return false;\"><img loading=\"lazy\" decoding=\"async\" style=\"border-width:0px;width:150px;height:93px;opacity:0.85;display:inline;\" width=\"200\" height=\"124\" src=\"https:\/\/www.saengerchor-olympia.de\/wp-content\/uploads\/wppa\/thumbs\/163.jpg?ver=1\" alt=\"Olympia Weihnachtsfeier 2014\" class=\"pietje image wppa-img\" onclick=\"wppaDoAjaxRender(event, 1, &#039;https:\/\/www.saengerchor-olympia.de\/index.php?rest_route=\/wp-photo-album-plus\/endPoint?action=wppa&wppa-action=render&wppa-size=640&wppa-occur=1&wppa-fromp=164&lang=de&wppa-album=14&wppa-cover=0&wppa-occur=1&data-alb=14&#039;, &#039;https:\/\/www.saengerchor-olympia.de\/?page_id=164&lang=de&wppa-album=6f1340823b20a999&wppa-cover=0&wppa-occur=1&data-alb=14&#039; );return false;;return false;\" onmouseover=\"jQuery(this).fadeTo(400, 1.0)\" onmouseout=\"jQuery(this).fadeTo(400,0.85)\"><\/a><\/div><\/div><div title=\" \" onclick=\"wppaStopProp(event);\"><\/div><div style=\"clear:both;\"><\/div><\/div><div id=\"album-13-1\" title=\"Zeige das Album Steinheimer Seifenkistenrennen 2014\" style=\"width:100%;float:right;cursor:pointer;\" class=\"wppa-album-cover-standard album wppa-box wppa-cover-box wppa-cover-box-1\" onclick=\"wppaDoAjaxRender(event, 1, &#039;https:\/\/www.saengerchor-olympia.de\/index.php?rest_route=\/wp-photo-album-plus\/endPoint?action=wppa&wppa-action=render&wppa-size=640&wppa-occur=1&wppa-fromp=164&lang=de&wppa-album=13&wppa-cover=0&wppa-occur=1&data-alb=13&#039;, &#039;https:\/\/www.saengerchor-olympia.de\/?page_id=164&lang=de&wppa-album=0883e0d94242c7b6&wppa-cover=0&wppa-occur=1&data-alb=13&#039; );return false;\"><div id=\"covertext_frame_13_1\" style=\"width:459px; float:left\" class=\"wppa-text-frame-1 wppa-text-frame wppa-cover-text-frame wppa-asym-text-frame-1\"><h2 style=\"clear:none\" class=\"wppa-title\"><a title=\"Zeige das Album Steinheimer Seifenkistenrennen 2014\" href=\"https:\/\/www.saengerchor-olympia.de\/?page_id=164&#038;lang=de&#038;wppa-album=0883e0d94242c7b6&#038;wppa-cover=0&#038;wppa-occur=1&#038;data-alb=13\" target=\"_self\" class=\"wppa-title\" onclick=\"wppaDoAjaxRender(event, 1, &#039;https:\/\/www.saengerchor-olympia.de\/index.php?rest_route=\/wp-photo-album-plus\/endPoint?action=wppa&wppa-action=render&wppa-size=640&wppa-occur=1&wppa-fromp=164&lang=de&wppa-album=13&wppa-cover=0&wppa-occur=1&data-alb=13&#039;, &#039;https:\/\/www.saengerchor-olympia.de\/?page_id=164&lang=de&wppa-album=0883e0d94242c7b6&wppa-cover=0&wppa-occur=1&data-alb=13&#039; );return false;\">Steinheimer Seifenkistenrennen 2014<\/a><\/h2><div style=\"min-height:54px;\" class=\"wppa-box-text wppa-black wppa-box-text-desc\">Auch dieses Jahr war die Olympia wieder erfolgreich dabei und holte den 2. Platz bei den Amazonen.<\/div><div class=\"wppa-box-text wppa-black wppa-info wppa-slideshow-browse-link wppa-album-cover-link\"><a title=\"Diashow\" style=\"cursor:pointer\" class=\"wppa-album-cover-link\" onclick=\"wppaDoAjaxRender(event, 1, &#039;https:\/\/www.saengerchor-olympia.de\/index.php?rest_route=\/wp-photo-album-plus\/endPoint?action=wppa&wppa-action=render&wppa-size=640&wppa-occur=1&wppa-fromp=164&lang=de&wppa-slide=1&wppa-occur=1&wppa-album=13&#039;, &#039;https:\/\/www.saengerchor-olympia.de\/?page_id=164&lang=de&wppa-slide=1&wppa-occur=1&wppa-album=0883e0d94242c7b6&#039; );return false;\">Diashow<\/a><\/div><div class=\"wppa-box-text wppa-black wppa-info wppa-viewlink wppa-album-cover-link\"><a title=\"Zeige das Album Steinheimer Seifenkistenrennen 2014\" style=\"cursor:pointer;\" class=\"wppa-album-cover-link\" onclick=\"wppaDoAjaxRender(event, 1, &#039;https:\/\/www.saengerchor-olympia.de\/index.php?rest_route=\/wp-photo-album-plus\/endPoint?action=wppa&wppa-action=render&wppa-size=640&wppa-occur=1&wppa-fromp=164&lang=de&wppa-album=13&wppa-cover=0&wppa-occur=1&data-alb=13&#039;, &#039;https:\/\/www.saengerchor-olympia.de\/?page_id=164&lang=de&wppa-album=0883e0d94242c7b6&wppa-cover=0&wppa-occur=1&data-alb=13&#039; );return false;\">14&nbsp;Fotos&nbsp;anzeigen<\/a><\/div><\/div><div id=\"coverphoto_frame_13_1\" style=\"float:right; margin-left:5px;width:160px;\" class=\"coverphoto-frame\"><div title=\" \" style=\"display:inline-block;margin:0 4px;\" onclick=\"wppaStopProp(event)\"><a title=\"Zeige das Album Steinheimer Seifenkistenrennen 2014\" style=\"border:0;color:transparent;cursor:pointer;\" href=\"https:\/\/www.saengerchor-olympia.de\/?page_id=164&#038;lang=de&#038;wppa-album=0883e0d94242c7b6&#038;wppa-cover=0&#038;wppa-occur=1&#038;data-alb=13\" target=\"_self\" onclick=\"return false;\"><img loading=\"lazy\" decoding=\"async\" style=\"border-width:0px;width:150px;height:113px;opacity:0.85;display:inline;\" width=\"200\" height=\"150\" src=\"https:\/\/www.saengerchor-olympia.de\/wp-content\/uploads\/wppa\/thumbs\/161.jpg?ver=1\" alt=\"CIMG2581.jpg\" class=\"pietje image wppa-img\" onclick=\"wppaDoAjaxRender(event, 1, &#039;https:\/\/www.saengerchor-olympia.de\/index.php?rest_route=\/wp-photo-album-plus\/endPoint?action=wppa&wppa-action=render&wppa-size=640&wppa-occur=1&wppa-fromp=164&lang=de&wppa-album=13&wppa-cover=0&wppa-occur=1&data-alb=13&#039;, &#039;https:\/\/www.saengerchor-olympia.de\/?page_id=164&lang=de&wppa-album=0883e0d94242c7b6&wppa-cover=0&wppa-occur=1&data-alb=13&#039; );return false;;return false;\" onmouseover=\"jQuery(this).fadeTo(400, 1.0)\" onmouseout=\"jQuery(this).fadeTo(400,0.85)\"><\/a><\/div><\/div><div title=\" \" onclick=\"wppaStopProp(event);\"><\/div><div style=\"clear:both;\"><\/div><\/div><div id=\"album-12-1\" title=\"Zeige das Album Hochzeit Andrea\" style=\"width:100%;float:right;cursor:pointer;\" class=\"wppa-album-cover-standard album wppa-box wppa-cover-box wppa-cover-box-1\" onclick=\"wppaDoAjaxRender(event, 1, &#039;https:\/\/www.saengerchor-olympia.de\/index.php?rest_route=\/wp-photo-album-plus\/endPoint?action=wppa&wppa-action=render&wppa-size=640&wppa-occur=1&wppa-fromp=164&lang=de&wppa-album=12&wppa-cover=0&wppa-occur=1&data-alb=12&#039;, &#039;https:\/\/www.saengerchor-olympia.de\/?page_id=164&lang=de&wppa-album=a5977e88c094f4de&wppa-cover=0&wppa-occur=1&data-alb=12&#039; );return false;\"><div id=\"covertext_frame_12_1\" style=\"width:459px; float:left\" class=\"wppa-text-frame-1 wppa-text-frame wppa-cover-text-frame wppa-asym-text-frame-1\"><h2 style=\"clear:none\" class=\"wppa-title\"><a title=\"Zeige das Album Hochzeit Andrea\" href=\"https:\/\/www.saengerchor-olympia.de\/?page_id=164&#038;lang=de&#038;wppa-album=a5977e88c094f4de&#038;wppa-cover=0&#038;wppa-occur=1&#038;data-alb=12\" target=\"_self\" class=\"wppa-title\" onclick=\"wppaDoAjaxRender(event, 1, &#039;https:\/\/www.saengerchor-olympia.de\/index.php?rest_route=\/wp-photo-album-plus\/endPoint?action=wppa&wppa-action=render&wppa-size=640&wppa-occur=1&wppa-fromp=164&lang=de&wppa-album=12&wppa-cover=0&wppa-occur=1&data-alb=12&#039;, &#039;https:\/\/www.saengerchor-olympia.de\/?page_id=164&lang=de&wppa-album=a5977e88c094f4de&wppa-cover=0&wppa-occur=1&data-alb=12&#039; );return false;\">Hochzeit Andrea<\/a><\/h2><div style=\"min-height:54px;\" class=\"wppa-box-text wppa-black wppa-box-text-desc\">Und wieder hatten wir die Freude, bei der Hochzeit einer aktiven S\u00e4ngerin singen zu k\u00f6nnen.<\/div><div class=\"wppa-box-text wppa-black wppa-info wppa-slideshow-browse-link wppa-album-cover-link\"><a title=\"Diashow\" style=\"cursor:pointer\" class=\"wppa-album-cover-link\" onclick=\"wppaDoAjaxRender(event, 1, &#039;https:\/\/www.saengerchor-olympia.de\/index.php?rest_route=\/wp-photo-album-plus\/endPoint?action=wppa&wppa-action=render&wppa-size=640&wppa-occur=1&wppa-fromp=164&lang=de&wppa-slide=1&wppa-occur=1&wppa-album=12&#039;, &#039;https:\/\/www.saengerchor-olympia.de\/?page_id=164&lang=de&wppa-slide=1&wppa-occur=1&wppa-album=a5977e88c094f4de&#039; );return false;\">Diashow<\/a><\/div><div class=\"wppa-box-text wppa-black wppa-info wppa-viewlink wppa-album-cover-link\"><a title=\"Zeige das Album Hochzeit Andrea\" style=\"cursor:pointer;\" class=\"wppa-album-cover-link\" onclick=\"wppaDoAjaxRender(event, 1, &#039;https:\/\/www.saengerchor-olympia.de\/index.php?rest_route=\/wp-photo-album-plus\/endPoint?action=wppa&wppa-action=render&wppa-size=640&wppa-occur=1&wppa-fromp=164&lang=de&wppa-album=12&wppa-cover=0&wppa-occur=1&data-alb=12&#039;, &#039;https:\/\/www.saengerchor-olympia.de\/?page_id=164&lang=de&wppa-album=a5977e88c094f4de&wppa-cover=0&wppa-occur=1&data-alb=12&#039; );return false;\">1&nbsp;Foto&nbsp;anzeigen<\/a><\/div><\/div><div id=\"coverphoto_frame_12_1\" style=\"float:right; margin-left:5px;width:160px;\" class=\"coverphoto-frame\"><div title=\" \" style=\"display:inline-block;margin:0 4px;\" onclick=\"wppaStopProp(event)\"><a title=\"Zeige das Album Hochzeit Andrea\" style=\"border:0;color:transparent;cursor:pointer;\" href=\"https:\/\/www.saengerchor-olympia.de\/?page_id=164&#038;lang=de&#038;wppa-album=a5977e88c094f4de&#038;wppa-cover=0&#038;wppa-occur=1&#038;data-alb=12\" target=\"_self\" onclick=\"return false;\"><img loading=\"lazy\" decoding=\"async\" style=\"border-width:0px;width:150px;height:100px;opacity:0.85;display:inline;\" width=\"200\" height=\"133\" src=\"https:\/\/www.saengerchor-olympia.de\/wp-content\/uploads\/wppa\/thumbs\/148.jpg?ver=1\" alt=\"Hochzeit Andrea.JPG\" class=\"pietje image wppa-img\" onclick=\"wppaDoAjaxRender(event, 1, &#039;https:\/\/www.saengerchor-olympia.de\/index.php?rest_route=\/wp-photo-album-plus\/endPoint?action=wppa&wppa-action=render&wppa-size=640&wppa-occur=1&wppa-fromp=164&lang=de&wppa-album=12&wppa-cover=0&wppa-occur=1&data-alb=12&#039;, &#039;https:\/\/www.saengerchor-olympia.de\/?page_id=164&lang=de&wppa-album=a5977e88c094f4de&wppa-cover=0&wppa-occur=1&data-alb=12&#039; );return false;;return false;\" onmouseover=\"jQuery(this).fadeTo(400, 1.0)\" onmouseout=\"jQuery(this).fadeTo(400,0.85)\"><\/a><\/div><\/div><div title=\" \" onclick=\"wppaStopProp(event);\"><\/div><div style=\"clear:both;\"><\/div><\/div><div id=\"album-11-1\" title=\"Zeige das Album Auftritt beim bunten Liederabend in Heusenstamm am 8.3.2014\" style=\"width:100%;float:right;cursor:pointer;\" class=\"wppa-album-cover-standard album wppa-box wppa-cover-box wppa-cover-box-1\" onclick=\"wppaDoAjaxRender(event, 1, &#039;https:\/\/www.saengerchor-olympia.de\/index.php?rest_route=\/wp-photo-album-plus\/endPoint?action=wppa&wppa-action=render&wppa-size=640&wppa-occur=1&wppa-fromp=164&lang=de&wppa-album=11&wppa-cover=0&wppa-occur=1&data-alb=11&#039;, &#039;https:\/\/www.saengerchor-olympia.de\/?page_id=164&lang=de&wppa-album=c1448117e5ff50b7&wppa-cover=0&wppa-occur=1&data-alb=11&#039; );return false;\"><div id=\"covertext_frame_11_1\" style=\"width:459px; float:left\" class=\"wppa-text-frame-1 wppa-text-frame wppa-cover-text-frame wppa-asym-text-frame-1\"><h2 style=\"clear:none\" class=\"wppa-title\"><a title=\"Zeige das Album Auftritt beim bunten Liederabend in Heusenstamm am 8.3.2014\" href=\"https:\/\/www.saengerchor-olympia.de\/?page_id=164&#038;lang=de&#038;wppa-album=c1448117e5ff50b7&#038;wppa-cover=0&#038;wppa-occur=1&#038;data-alb=11\" target=\"_self\" class=\"wppa-title\" onclick=\"wppaDoAjaxRender(event, 1, &#039;https:\/\/www.saengerchor-olympia.de\/index.php?rest_route=\/wp-photo-album-plus\/endPoint?action=wppa&wppa-action=render&wppa-size=640&wppa-occur=1&wppa-fromp=164&lang=de&wppa-album=11&wppa-cover=0&wppa-occur=1&data-alb=11&#039;, &#039;https:\/\/www.saengerchor-olympia.de\/?page_id=164&lang=de&wppa-album=c1448117e5ff50b7&wppa-cover=0&wppa-occur=1&data-alb=11&#039; );return false;\">Auftritt beim bunten Liederabend in Heusenstamm am 8.3.2014<\/a><\/h2><div style=\"min-height:54px;\" class=\"wppa-box-text wppa-black wppa-box-text-desc\">Am 8. M\u00e4rz sang unser Chor Taktvoll beim bunten Liederabend der S\u00e4ngervereinigung Heusenstamm.<\/div><div class=\"wppa-box-text wppa-black wppa-info wppa-slideshow-browse-link wppa-album-cover-link\"><a title=\"Diashow\" style=\"cursor:pointer\" class=\"wppa-album-cover-link\" onclick=\"wppaDoAjaxRender(event, 1, &#039;https:\/\/www.saengerchor-olympia.de\/index.php?rest_route=\/wp-photo-album-plus\/endPoint?action=wppa&wppa-action=render&wppa-size=640&wppa-occur=1&wppa-fromp=164&lang=de&wppa-slide=1&wppa-occur=1&wppa-album=11&#039;, &#039;https:\/\/www.saengerchor-olympia.de\/?page_id=164&lang=de&wppa-slide=1&wppa-occur=1&wppa-album=c1448117e5ff50b7&#039; );return false;\">Diashow<\/a><\/div><div class=\"wppa-box-text wppa-black wppa-info wppa-viewlink wppa-album-cover-link\"><a title=\"Zeige das Album Auftritt beim bunten Liederabend in Heusenstamm am 8.3.2014\" style=\"cursor:pointer;\" class=\"wppa-album-cover-link\" onclick=\"wppaDoAjaxRender(event, 1, &#039;https:\/\/www.saengerchor-olympia.de\/index.php?rest_route=\/wp-photo-album-plus\/endPoint?action=wppa&wppa-action=render&wppa-size=640&wppa-occur=1&wppa-fromp=164&lang=de&wppa-album=11&wppa-cover=0&wppa-occur=1&data-alb=11&#039;, &#039;https:\/\/www.saengerchor-olympia.de\/?page_id=164&lang=de&wppa-album=c1448117e5ff50b7&wppa-cover=0&wppa-occur=1&data-alb=11&#039; );return false;\">12&nbsp;Fotos&nbsp;anzeigen<\/a><\/div><\/div><div id=\"coverphoto_frame_11_1\" style=\"float:right; margin-left:5px;width:160px;\" class=\"coverphoto-frame\"><div title=\" \" style=\"display:inline-block;margin:0 4px;\" onclick=\"wppaStopProp(event)\"><a title=\"Zeige das Album Auftritt beim bunten Liederabend in Heusenstamm am 8.3.2014\" style=\"border:0;color:transparent;cursor:pointer;\" href=\"https:\/\/www.saengerchor-olympia.de\/?page_id=164&#038;lang=de&#038;wppa-album=c1448117e5ff50b7&#038;wppa-cover=0&#038;wppa-occur=1&#038;data-alb=11\" target=\"_self\" onclick=\"return false;\"><img loading=\"lazy\" decoding=\"async\" style=\"border-width:0px;width:150px;height:85px;opacity:0.85;display:inline;\" width=\"200\" height=\"113\" src=\"https:\/\/www.saengerchor-olympia.de\/wp-content\/uploads\/wppa\/thumbs\/137.jpg?ver=1\" alt=\"IMG_9097.JPG\" class=\"pietje image wppa-img\" onclick=\"wppaDoAjaxRender(event, 1, &#039;https:\/\/www.saengerchor-olympia.de\/index.php?rest_route=\/wp-photo-album-plus\/endPoint?action=wppa&wppa-action=render&wppa-size=640&wppa-occur=1&wppa-fromp=164&lang=de&wppa-album=11&wppa-cover=0&wppa-occur=1&data-alb=11&#039;, &#039;https:\/\/www.saengerchor-olympia.de\/?page_id=164&lang=de&wppa-album=c1448117e5ff50b7&wppa-cover=0&wppa-occur=1&data-alb=11&#039; );return false;;return false;\" onmouseover=\"jQuery(this).fadeTo(400, 1.0)\" onmouseout=\"jQuery(this).fadeTo(400,0.85)\"><\/a><\/div><\/div><div title=\" \" onclick=\"wppaStopProp(event);\"><\/div><div style=\"clear:both;\"><\/div><\/div><div id=\"album-10-1\" title=\"Zeige das Album POPul\u00e4re Olympia Konzert 26.10.2013\" style=\"width:100%;float:right;cursor:pointer;\" class=\"wppa-album-cover-standard album wppa-box wppa-cover-box wppa-cover-box-1\" onclick=\"wppaDoAjaxRender(event, 1, &#039;https:\/\/www.saengerchor-olympia.de\/index.php?rest_route=\/wp-photo-album-plus\/endPoint?action=wppa&wppa-action=render&wppa-size=640&wppa-occur=1&wppa-fromp=164&lang=de&wppa-album=10&wppa-cover=0&wppa-occur=1&data-alb=10&#039;, &#039;https:\/\/www.saengerchor-olympia.de\/?page_id=164&lang=de&wppa-album=f16410a183930463&wppa-cover=0&wppa-occur=1&data-alb=10&#039; );return false;\"><div id=\"covertext_frame_10_1\" style=\"width:459px; float:left\" class=\"wppa-text-frame-1 wppa-text-frame wppa-cover-text-frame wppa-asym-text-frame-1\"><h2 style=\"clear:none\" class=\"wppa-title\"><a title=\"Zeige das Album POPul\u00e4re Olympia Konzert 26.10.2013\" href=\"https:\/\/www.saengerchor-olympia.de\/?page_id=164&#038;lang=de&#038;wppa-album=f16410a183930463&#038;wppa-cover=0&#038;wppa-occur=1&#038;data-alb=10\" target=\"_self\" class=\"wppa-title\" onclick=\"wppaDoAjaxRender(event, 1, &#039;https:\/\/www.saengerchor-olympia.de\/index.php?rest_route=\/wp-photo-album-plus\/endPoint?action=wppa&wppa-action=render&wppa-size=640&wppa-occur=1&wppa-fromp=164&lang=de&wppa-album=10&wppa-cover=0&wppa-occur=1&data-alb=10&#039;, &#039;https:\/\/www.saengerchor-olympia.de\/?page_id=164&lang=de&wppa-album=f16410a183930463&wppa-cover=0&wppa-occur=1&data-alb=10&#039; );return false;\">POPul\u00e4re Olympia Konzert 26.10.2013<\/a><\/h2><div style=\"min-height:54px;\" class=\"wppa-box-text wppa-black wppa-box-text-desc\">Herbstkonzert in der Kulturhalle Hanau-Steinheim mit Taktvoll, M\u00e4nnerchor Harmonie & Olympia, Ensemble Get\u00f6nt<\/div><div class=\"wppa-box-text wppa-black wppa-info wppa-slideshow-browse-link wppa-album-cover-link\"><a title=\"Diashow\" style=\"cursor:pointer\" class=\"wppa-album-cover-link\" onclick=\"wppaDoAjaxRender(event, 1, &#039;https:\/\/www.saengerchor-olympia.de\/index.php?rest_route=\/wp-photo-album-plus\/endPoint?action=wppa&wppa-action=render&wppa-size=640&wppa-occur=1&wppa-fromp=164&lang=de&wppa-slide=1&wppa-occur=1&wppa-album=10&#039;, &#039;https:\/\/www.saengerchor-olympia.de\/?page_id=164&lang=de&wppa-slide=1&wppa-occur=1&wppa-album=f16410a183930463&#039; );return false;\">Diashow<\/a><\/div><div class=\"wppa-box-text wppa-black wppa-info wppa-viewlink wppa-album-cover-link\"><a title=\"Zeige das Album POPul\u00e4re Olympia Konzert 26.10.2013\" style=\"cursor:pointer;\" class=\"wppa-album-cover-link\" onclick=\"wppaDoAjaxRender(event, 1, &#039;https:\/\/www.saengerchor-olympia.de\/index.php?rest_route=\/wp-photo-album-plus\/endPoint?action=wppa&wppa-action=render&wppa-size=640&wppa-occur=1&wppa-fromp=164&lang=de&wppa-album=10&wppa-cover=0&wppa-occur=1&data-alb=10&#039;, &#039;https:\/\/www.saengerchor-olympia.de\/?page_id=164&lang=de&wppa-album=f16410a183930463&wppa-cover=0&wppa-occur=1&data-alb=10&#039; );return false;\">19&nbsp;Fotos&nbsp;anzeigen<\/a><\/div><\/div><div id=\"coverphoto_frame_10_1\" style=\"float:right; margin-left:5px;width:160px;\" class=\"coverphoto-frame\"><div title=\" \" style=\"display:inline-block;margin:0 4px;\" onclick=\"wppaStopProp(event)\"><a title=\"Zeige das Album POPul\u00e4re Olympia Konzert 26.10.2013\" style=\"border:0;color:transparent;cursor:pointer;\" href=\"https:\/\/www.saengerchor-olympia.de\/?page_id=164&#038;lang=de&#038;wppa-album=f16410a183930463&#038;wppa-cover=0&#038;wppa-occur=1&#038;data-alb=10\" target=\"_self\" onclick=\"return false;\"><img loading=\"lazy\" decoding=\"async\" style=\"border-width:0px;width:150px;height:100px;opacity:0.85;display:inline;\" width=\"200\" height=\"133\" src=\"https:\/\/www.saengerchor-olympia.de\/wp-content\/uploads\/wppa\/thumbs\/117.jpg?ver=1\" alt=\"Unsere Helfer\" class=\"pietje image wppa-img\" onclick=\"wppaDoAjaxRender(event, 1, &#039;https:\/\/www.saengerchor-olympia.de\/index.php?rest_route=\/wp-photo-album-plus\/endPoint?action=wppa&wppa-action=render&wppa-size=640&wppa-occur=1&wppa-fromp=164&lang=de&wppa-album=10&wppa-cover=0&wppa-occur=1&data-alb=10&#039;, &#039;https:\/\/www.saengerchor-olympia.de\/?page_id=164&lang=de&wppa-album=f16410a183930463&wppa-cover=0&wppa-occur=1&data-alb=10&#039; );return false;;return false;\" onmouseover=\"jQuery(this).fadeTo(400, 1.0)\" onmouseout=\"jQuery(this).fadeTo(400,0.85)\"><\/a><\/div><\/div><div title=\" \" onclick=\"wppaStopProp(event);\"><\/div><div style=\"clear:both;\"><\/div><\/div><div id=\"album-9-1\" title=\"Zeige das Album Rhein Main Chorfest 2013\" style=\"width:100%;float:right;cursor:pointer;\" class=\"wppa-album-cover-standard album wppa-box wppa-cover-box wppa-cover-box-1\" onclick=\"wppaDoAjaxRender(event, 1, &#039;https:\/\/www.saengerchor-olympia.de\/index.php?rest_route=\/wp-photo-album-plus\/endPoint?action=wppa&wppa-action=render&wppa-size=640&wppa-occur=1&wppa-fromp=164&lang=de&wppa-album=9&wppa-cover=0&wppa-occur=1&data-alb=9&#039;, &#039;https:\/\/www.saengerchor-olympia.de\/?page_id=164&lang=de&wppa-album=f3dab517c3e26fb5&wppa-cover=0&wppa-occur=1&data-alb=9&#039; );return false;\"><div id=\"covertext_frame_9_1\" style=\"width:459px; float:left\" class=\"wppa-text-frame-1 wppa-text-frame wppa-cover-text-frame wppa-asym-text-frame-1\"><h2 style=\"clear:none\" class=\"wppa-title\"><a title=\"Zeige das Album Rhein Main Chorfest 2013\" href=\"https:\/\/www.saengerchor-olympia.de\/?page_id=164&#038;lang=de&#038;wppa-album=f3dab517c3e26fb5&#038;wppa-cover=0&#038;wppa-occur=1&#038;data-alb=9\" target=\"_self\" class=\"wppa-title\" onclick=\"wppaDoAjaxRender(event, 1, &#039;https:\/\/www.saengerchor-olympia.de\/index.php?rest_route=\/wp-photo-album-plus\/endPoint?action=wppa&wppa-action=render&wppa-size=640&wppa-occur=1&wppa-fromp=164&lang=de&wppa-album=9&wppa-cover=0&wppa-occur=1&data-alb=9&#039;, &#039;https:\/\/www.saengerchor-olympia.de\/?page_id=164&lang=de&wppa-album=f3dab517c3e26fb5&wppa-cover=0&wppa-occur=1&data-alb=9&#039; );return false;\">Rhein Main Chorfest 2013<\/a><\/h2><div style=\"min-height:54px;\" class=\"wppa-box-text wppa-black wppa-box-text-desc\">Freies im Gesang<\/div><div class=\"wppa-box-text wppa-black wppa-info wppa-slideshow-browse-link wppa-album-cover-link\"><a title=\"Diashow\" style=\"cursor:pointer\" class=\"wppa-album-cover-link\" onclick=\"wppaDoAjaxRender(event, 1, &#039;https:\/\/www.saengerchor-olympia.de\/index.php?rest_route=\/wp-photo-album-plus\/endPoint?action=wppa&wppa-action=render&wppa-size=640&wppa-occur=1&wppa-fromp=164&lang=de&wppa-slide=1&wppa-occur=1&wppa-album=9&#039;, &#039;https:\/\/www.saengerchor-olympia.de\/?page_id=164&lang=de&wppa-slide=1&wppa-occur=1&wppa-album=f3dab517c3e26fb5&#039; );return false;\">Diashow<\/a><\/div><div class=\"wppa-box-text wppa-black wppa-info wppa-viewlink wppa-album-cover-link\"><a title=\"Zeige das Album Rhein Main Chorfest 2013\" style=\"cursor:pointer;\" class=\"wppa-album-cover-link\" onclick=\"wppaDoAjaxRender(event, 1, &#039;https:\/\/www.saengerchor-olympia.de\/index.php?rest_route=\/wp-photo-album-plus\/endPoint?action=wppa&wppa-action=render&wppa-size=640&wppa-occur=1&wppa-fromp=164&lang=de&wppa-album=9&wppa-cover=0&wppa-occur=1&data-alb=9&#039;, &#039;https:\/\/www.saengerchor-olympia.de\/?page_id=164&lang=de&wppa-album=f3dab517c3e26fb5&wppa-cover=0&wppa-occur=1&data-alb=9&#039; );return false;\">20&nbsp;Fotos&nbsp;anzeigen<\/a><\/div><\/div><div id=\"coverphoto_frame_9_1\" style=\"float:right; margin-left:5px;width:160px;\" class=\"coverphoto-frame\"><div title=\" \" style=\"display:inline-block;margin:0 4px;\" onclick=\"wppaStopProp(event)\"><a title=\"Zeige das Album Rhein Main Chorfest 2013\" style=\"border:0;color:transparent;cursor:pointer;\" href=\"https:\/\/www.saengerchor-olympia.de\/?page_id=164&#038;lang=de&#038;wppa-album=f3dab517c3e26fb5&#038;wppa-cover=0&#038;wppa-occur=1&#038;data-alb=9\" target=\"_self\" onclick=\"return false;\"><img loading=\"lazy\" decoding=\"async\" style=\"border-width:0px;width:150px;height:113px;opacity:0.85;display:inline;\" width=\"200\" height=\"150\" src=\"https:\/\/www.saengerchor-olympia.de\/wp-content\/uploads\/wppa\/thumbs\/100.jpg?ver=1\" alt=\"P1040365.JPG\" class=\"pietje image wppa-img\" onclick=\"wppaDoAjaxRender(event, 1, &#039;https:\/\/www.saengerchor-olympia.de\/index.php?rest_route=\/wp-photo-album-plus\/endPoint?action=wppa&wppa-action=render&wppa-size=640&wppa-occur=1&wppa-fromp=164&lang=de&wppa-album=9&wppa-cover=0&wppa-occur=1&data-alb=9&#039;, &#039;https:\/\/www.saengerchor-olympia.de\/?page_id=164&lang=de&wppa-album=f3dab517c3e26fb5&wppa-cover=0&wppa-occur=1&data-alb=9&#039; );return false;;return false;\" onmouseover=\"jQuery(this).fadeTo(400, 1.0)\" onmouseout=\"jQuery(this).fadeTo(400,0.85)\"><\/a><\/div><\/div><div title=\" \" onclick=\"wppaStopProp(event);\"><\/div><div style=\"clear:both;\"><\/div><\/div><div id=\"album-7-1\" title=\"Zeige das Album Seifenkistenrennen 2013\" style=\"width:100%;float:right;cursor:pointer;\" class=\"wppa-album-cover-standard album wppa-box wppa-cover-box wppa-cover-box-1\" onclick=\"wppaDoAjaxRender(event, 1, &#039;https:\/\/www.saengerchor-olympia.de\/index.php?rest_route=\/wp-photo-album-plus\/endPoint?action=wppa&wppa-action=render&wppa-size=640&wppa-occur=1&wppa-fromp=164&lang=de&wppa-album=7&wppa-cover=0&wppa-occur=1&data-alb=7&#039;, &#039;https:\/\/www.saengerchor-olympia.de\/?page_id=164&lang=de&wppa-album=6ec01e4c06d90415&wppa-cover=0&wppa-occur=1&data-alb=7&#039; );return false;\"><div id=\"covertext_frame_7_1\" style=\"width:459px; float:left\" class=\"wppa-text-frame-1 wppa-text-frame wppa-cover-text-frame wppa-asym-text-frame-1\"><h2 style=\"clear:none\" class=\"wppa-title\"><a title=\"Zeige das Album Seifenkistenrennen 2013\" href=\"https:\/\/www.saengerchor-olympia.de\/?page_id=164&#038;lang=de&#038;wppa-album=6ec01e4c06d90415&#038;wppa-cover=0&#038;wppa-occur=1&#038;data-alb=7\" target=\"_self\" class=\"wppa-title\" onclick=\"wppaDoAjaxRender(event, 1, &#039;https:\/\/www.saengerchor-olympia.de\/index.php?rest_route=\/wp-photo-album-plus\/endPoint?action=wppa&wppa-action=render&wppa-size=640&wppa-occur=1&wppa-fromp=164&lang=de&wppa-album=7&wppa-cover=0&wppa-occur=1&data-alb=7&#039;, &#039;https:\/\/www.saengerchor-olympia.de\/?page_id=164&lang=de&wppa-album=6ec01e4c06d90415&wppa-cover=0&wppa-occur=1&data-alb=7&#039; );return false;\">Seifenkistenrennen 2013<\/a><\/h2><div style=\"min-height:54px;\" class=\"wppa-box-text wppa-black wppa-box-text-desc\"><\/div><div class=\"wppa-box-text wppa-black wppa-info wppa-slideshow-browse-link wppa-album-cover-link\"><a title=\"Diashow\" style=\"cursor:pointer\" class=\"wppa-album-cover-link\" onclick=\"wppaDoAjaxRender(event, 1, &#039;https:\/\/www.saengerchor-olympia.de\/index.php?rest_route=\/wp-photo-album-plus\/endPoint?action=wppa&wppa-action=render&wppa-size=640&wppa-occur=1&wppa-fromp=164&lang=de&wppa-slide=1&wppa-occur=1&wppa-album=7&#039;, &#039;https:\/\/www.saengerchor-olympia.de\/?page_id=164&lang=de&wppa-slide=1&wppa-occur=1&wppa-album=6ec01e4c06d90415&#039; );return false;\">Diashow<\/a><\/div><div class=\"wppa-box-text wppa-black wppa-info wppa-viewlink wppa-album-cover-link\"><a title=\"Zeige das Album Seifenkistenrennen 2013\" style=\"cursor:pointer;\" class=\"wppa-album-cover-link\" onclick=\"wppaDoAjaxRender(event, 1, &#039;https:\/\/www.saengerchor-olympia.de\/index.php?rest_route=\/wp-photo-album-plus\/endPoint?action=wppa&wppa-action=render&wppa-size=640&wppa-occur=1&wppa-fromp=164&lang=de&wppa-album=7&wppa-cover=0&wppa-occur=1&data-alb=7&#039;, &#039;https:\/\/www.saengerchor-olympia.de\/?page_id=164&lang=de&wppa-album=6ec01e4c06d90415&wppa-cover=0&wppa-occur=1&data-alb=7&#039; );return false;\">5&nbsp;Fotos&nbsp;anzeigen<\/a><\/div><\/div><div id=\"coverphoto_frame_7_1\" style=\"float:right; margin-left:5px;width:160px;\" class=\"coverphoto-frame\"><div title=\" \" style=\"display:inline-block;margin:0 4px;\" onclick=\"wppaStopProp(event)\"><a title=\"Zeige das Album Seifenkistenrennen 2013\" style=\"border:0;color:transparent;cursor:pointer;\" href=\"https:\/\/www.saengerchor-olympia.de\/?page_id=164&#038;lang=de&#038;wppa-album=6ec01e4c06d90415&#038;wppa-cover=0&#038;wppa-occur=1&#038;data-alb=7\" target=\"_self\" onclick=\"return false;\"><img loading=\"lazy\" decoding=\"async\" style=\"border-width:0px;width:150px;height:113px;opacity:0.85;display:inline;\" width=\"200\" height=\"150\" src=\"https:\/\/www.saengerchor-olympia.de\/wp-content\/uploads\/wppa\/thumbs\/71.jpg?ver=1\" alt=\"Die Fahrer\" class=\"pietje image wppa-img\" onclick=\"wppaDoAjaxRender(event, 1, &#039;https:\/\/www.saengerchor-olympia.de\/index.php?rest_route=\/wp-photo-album-plus\/endPoint?action=wppa&wppa-action=render&wppa-size=640&wppa-occur=1&wppa-fromp=164&lang=de&wppa-album=7&wppa-cover=0&wppa-occur=1&data-alb=7&#039;, &#039;https:\/\/www.saengerchor-olympia.de\/?page_id=164&lang=de&wppa-album=6ec01e4c06d90415&wppa-cover=0&wppa-occur=1&data-alb=7&#039; );return false;;return false;\" onmouseover=\"jQuery(this).fadeTo(400, 1.0)\" onmouseout=\"jQuery(this).fadeTo(400,0.85)\"><\/a><\/div><\/div><div title=\" \" onclick=\"wppaStopProp(event);\"><\/div><div style=\"clear:both;\"><\/div><\/div><div id=\"album-8-1\" title=\"Zeige das Album Generalversammlung 2013 \" style=\"width:100%;float:right;cursor:pointer;\" class=\"wppa-album-cover-standard album wppa-box wppa-cover-box wppa-cover-box-1\" onclick=\"wppaDoAjaxRender(event, 1, &#039;https:\/\/www.saengerchor-olympia.de\/index.php?rest_route=\/wp-photo-album-plus\/endPoint?action=wppa&wppa-action=render&wppa-size=640&wppa-occur=1&wppa-fromp=164&lang=de&wppa-album=8&wppa-cover=0&wppa-occur=1&data-alb=8&#039;, &#039;https:\/\/www.saengerchor-olympia.de\/?page_id=164&lang=de&wppa-album=074c645b62940bf8&wppa-cover=0&wppa-occur=1&data-alb=8&#039; );return false;\"><div id=\"covertext_frame_8_1\" style=\"width:459px; float:left\" class=\"wppa-text-frame-1 wppa-text-frame wppa-cover-text-frame wppa-asym-text-frame-1\"><h2 style=\"clear:none\" class=\"wppa-title\"><a title=\"Zeige das Album Generalversammlung 2013 \" href=\"https:\/\/www.saengerchor-olympia.de\/?page_id=164&#038;lang=de&#038;wppa-album=074c645b62940bf8&#038;wppa-cover=0&#038;wppa-occur=1&#038;data-alb=8\" target=\"_self\" class=\"wppa-title\" onclick=\"wppaDoAjaxRender(event, 1, &#039;https:\/\/www.saengerchor-olympia.de\/index.php?rest_route=\/wp-photo-album-plus\/endPoint?action=wppa&wppa-action=render&wppa-size=640&wppa-occur=1&wppa-fromp=164&lang=de&wppa-album=8&wppa-cover=0&wppa-occur=1&data-alb=8&#039;, &#039;https:\/\/www.saengerchor-olympia.de\/?page_id=164&lang=de&wppa-album=074c645b62940bf8&wppa-cover=0&wppa-occur=1&data-alb=8&#039; );return false;\">Generalversammlung 2013 <\/a><\/h2><div style=\"min-height:54px;\" class=\"wppa-box-text wppa-black wppa-box-text-desc\">Mitgliederversammlung Neuwahl des Vorstands Ehrungen<\/div><div class=\"wppa-box-text wppa-black wppa-info wppa-slideshow-browse-link wppa-album-cover-link\"><a title=\"Diashow\" style=\"cursor:pointer\" class=\"wppa-album-cover-link\" onclick=\"wppaDoAjaxRender(event, 1, &#039;https:\/\/www.saengerchor-olympia.de\/index.php?rest_route=\/wp-photo-album-plus\/endPoint?action=wppa&wppa-action=render&wppa-size=640&wppa-occur=1&wppa-fromp=164&lang=de&wppa-slide=1&wppa-occur=1&wppa-album=8&#039;, &#039;https:\/\/www.saengerchor-olympia.de\/?page_id=164&lang=de&wppa-slide=1&wppa-occur=1&wppa-album=074c645b62940bf8&#039; );return false;\">Diashow<\/a><\/div><div class=\"wppa-box-text wppa-black wppa-info wppa-viewlink wppa-album-cover-link\"><a title=\"Zeige das Album Generalversammlung 2013 \" style=\"cursor:pointer;\" class=\"wppa-album-cover-link\" onclick=\"wppaDoAjaxRender(event, 1, &#039;https:\/\/www.saengerchor-olympia.de\/index.php?rest_route=\/wp-photo-album-plus\/endPoint?action=wppa&wppa-action=render&wppa-size=640&wppa-occur=1&wppa-fromp=164&lang=de&wppa-album=8&wppa-cover=0&wppa-occur=1&data-alb=8&#039;, &#039;https:\/\/www.saengerchor-olympia.de\/?page_id=164&lang=de&wppa-album=074c645b62940bf8&wppa-cover=0&wppa-occur=1&data-alb=8&#039; );return false;\">20&nbsp;Fotos&nbsp;anzeigen<\/a><\/div><\/div><div id=\"coverphoto_frame_8_1\" style=\"float:right; margin-left:5px;width:160px;\" class=\"coverphoto-frame\"><div title=\" \" style=\"display:inline-block;margin:0 4px;\" onclick=\"wppaStopProp(event)\"><a title=\"Zeige das Album Generalversammlung 2013 \" style=\"border:0;color:transparent;cursor:pointer;\" href=\"https:\/\/www.saengerchor-olympia.de\/?page_id=164&#038;lang=de&#038;wppa-album=074c645b62940bf8&#038;wppa-cover=0&#038;wppa-occur=1&#038;data-alb=8\" target=\"_self\" onclick=\"return false;\"><img loading=\"lazy\" decoding=\"async\" style=\"border-width:0px;width:150px;height:113px;opacity:0.85;display:inline;\" width=\"200\" height=\"150\" src=\"https:\/\/www.saengerchor-olympia.de\/wp-content\/uploads\/wppa\/thumbs\/89.jpg?ver=1\" alt=\"P1040329.JPG\" class=\"pietje image wppa-img\" onclick=\"wppaDoAjaxRender(event, 1, &#039;https:\/\/www.saengerchor-olympia.de\/index.php?rest_route=\/wp-photo-album-plus\/endPoint?action=wppa&wppa-action=render&wppa-size=640&wppa-occur=1&wppa-fromp=164&lang=de&wppa-album=8&wppa-cover=0&wppa-occur=1&data-alb=8&#039;, &#039;https:\/\/www.saengerchor-olympia.de\/?page_id=164&lang=de&wppa-album=074c645b62940bf8&wppa-cover=0&wppa-occur=1&data-alb=8&#039; );return false;;return false;\" onmouseover=\"jQuery(this).fadeTo(400, 1.0)\" onmouseout=\"jQuery(this).fadeTo(400,0.85)\"><\/a><\/div><\/div><div title=\" \" onclick=\"wppaStopProp(event);\"><\/div><div style=\"clear:both;\"><\/div><\/div><div id=\"album-6-1\" title=\"Zeige das Album RADIO SHOW\" style=\"width:100%;float:right;cursor:pointer;\" class=\"wppa-album-cover-standard album wppa-box wppa-cover-box wppa-cover-box-1\" onclick=\"wppaDoAjaxRender(event, 1, &#039;https:\/\/www.saengerchor-olympia.de\/index.php?rest_route=\/wp-photo-album-plus\/endPoint?action=wppa&wppa-action=render&wppa-size=640&wppa-occur=1&wppa-fromp=164&lang=de&wppa-slide=1&wppa-occur=1&wppa-album=6&#039;, &#039;https:\/\/www.saengerchor-olympia.de\/?page_id=164&lang=de&wppa-slide=1&wppa-occur=1&wppa-album=9a64c8d642225be3&#039; );return false;\"><div id=\"covertext_frame_6_1\" style=\"width:459px; float:left\" class=\"wppa-text-frame-1 wppa-text-frame wppa-cover-text-frame wppa-asym-text-frame-1\"><h2 style=\"clear:none\" class=\"wppa-title\"><a title=\"Zeige das Album RADIO SHOW\" href=\"https:\/\/www.saengerchor-olympia.de\/?page_id=164&#038;lang=de&#038;wppa-slide=1&#038;wppa-occur=1&#038;wppa-album=9a64c8d642225be3\" target=\"_self\" class=\"wppa-title\" onclick=\"wppaDoAjaxRender(event, 1, &#039;https:\/\/www.saengerchor-olympia.de\/index.php?rest_route=\/wp-photo-album-plus\/endPoint?action=wppa&wppa-action=render&wppa-size=640&wppa-occur=1&wppa-fromp=164&lang=de&wppa-slide=1&wppa-occur=1&wppa-album=6&#039;, &#039;https:\/\/www.saengerchor-olympia.de\/?page_id=164&lang=de&wppa-slide=1&wppa-occur=1&wppa-album=9a64c8d642225be3&#039; );return false;\">RADIO SHOW<\/a><\/h2><div style=\"min-height:54px;\" class=\"wppa-box-text wppa-black wppa-box-text-desc\">Konzert in der Kulturhalle Steinheim am 24.03.2012<\/div><div class=\"wppa-box-text wppa-black wppa-info wppa-slideshow-browse-link wppa-album-cover-link\"><a title=\"Diashow\" style=\"cursor:pointer\" class=\"wppa-album-cover-link\" onclick=\"wppaDoAjaxRender(event, 1, &#039;https:\/\/www.saengerchor-olympia.de\/index.php?rest_route=\/wp-photo-album-plus\/endPoint?action=wppa&wppa-action=render&wppa-size=640&wppa-occur=1&wppa-fromp=164&lang=de&wppa-slide=1&wppa-occur=1&wppa-album=6&#039;, &#039;https:\/\/www.saengerchor-olympia.de\/?page_id=164&lang=de&wppa-slide=1&wppa-occur=1&wppa-album=9a64c8d642225be3&#039; );return false;\">Diashow<\/a><\/div><div class=\"wppa-box-text wppa-black wppa-info wppa-viewlink wppa-album-cover-link\"><a title=\"Zeige das Album RADIO SHOW\" style=\"cursor:pointer;\" class=\"wppa-album-cover-link\" onclick=\"wppaDoAjaxRender(event, 1, &#039;https:\/\/www.saengerchor-olympia.de\/index.php?rest_route=\/wp-photo-album-plus\/endPoint?action=wppa&wppa-action=render&wppa-size=640&wppa-occur=1&wppa-fromp=164&lang=de&wppa-album=6&wppa-cover=0&wppa-occur=1&data-alb=6&#039;, &#039;https:\/\/www.saengerchor-olympia.de\/?page_id=164&lang=de&wppa-album=9a64c8d642225be3&wppa-cover=0&wppa-occur=1&data-alb=6&#039; );return false;\">18&nbsp;Fotos&nbsp;anzeigen<\/a><\/div><\/div><div id=\"coverphoto_frame_6_1\" style=\"float:right; margin-left:5px;width:160px;\" class=\"coverphoto-frame\"><div title=\" \" style=\"display:inline-block;margin:0 4px;\" onclick=\"wppaStopProp(event)\"><a title=\"Zeige das Album RADIO SHOW\" style=\"border:0;color:transparent;cursor:pointer;\" href=\"https:\/\/www.saengerchor-olympia.de\/?page_id=164&#038;lang=de&#038;wppa-slide=1&#038;wppa-occur=1&#038;wppa-album=9a64c8d642225be3\" target=\"_self\" onclick=\"return false;\"><img loading=\"lazy\" decoding=\"async\" style=\"border-width:0px;width:150px;height:113px;opacity:0.85;display:inline;\" width=\"150\" height=\"113\" src=\"https:\/\/www.saengerchor-olympia.de\/wp-content\/uploads\/wppa\/thumbs\/52.jpg?ver=1\" alt=\"Radio Show 001.jpg\" class=\"pietje image wppa-img\" onclick=\"wppaDoAjaxRender(event, 1, &#039;https:\/\/www.saengerchor-olympia.de\/index.php?rest_route=\/wp-photo-album-plus\/endPoint?action=wppa&wppa-action=render&wppa-size=640&wppa-occur=1&wppa-fromp=164&lang=de&wppa-slide=1&wppa-occur=1&wppa-album=6&#039;, &#039;https:\/\/www.saengerchor-olympia.de\/?page_id=164&lang=de&wppa-slide=1&wppa-occur=1&wppa-album=9a64c8d642225be3&#039; );return false;;return false;\" onmouseover=\"jQuery(this).fadeTo(400, 1.0)\" onmouseout=\"jQuery(this).fadeTo(400,0.85)\"><\/a><\/div><\/div><div title=\" \" onclick=\"wppaStopProp(event);\"><\/div><div style=\"clear:both;\"><\/div><\/div><div id=\"album-1-1\" title=\"Zeige das Album Chorwochende Januar 2012 in B\u00fcdingen\" style=\"width:100%;float:right;cursor:pointer;\" class=\"wppa-album-cover-standard album wppa-box wppa-cover-box wppa-cover-box-1\" onclick=\"wppaDoAjaxRender(event, 1, &#039;https:\/\/www.saengerchor-olympia.de\/index.php?rest_route=\/wp-photo-album-plus\/endPoint?action=wppa&wppa-action=render&wppa-size=640&wppa-occur=1&wppa-fromp=164&lang=de&wppa-album=1&wppa-cover=0&wppa-occur=1&data-alb=1&#039;, &#039;https:\/\/www.saengerchor-olympia.de\/?page_id=164&lang=de&wppa-album=697ca6f6f4bfb0d6&wppa-cover=0&wppa-occur=1&data-alb=1&#039; );return false;\"><div id=\"covertext_frame_1_1\" style=\"width:459px; float:left\" class=\"wppa-text-frame-1 wppa-text-frame wppa-cover-text-frame wppa-asym-text-frame-1\"><h2 style=\"clear:none\" class=\"wppa-title\"><a title=\"Zeige das Album Chorwochende Januar 2012 in B\u00fcdingen\" href=\"https:\/\/www.saengerchor-olympia.de\/?page_id=164&#038;lang=de&#038;wppa-album=697ca6f6f4bfb0d6&#038;wppa-cover=0&#038;wppa-occur=1&#038;data-alb=1\" target=\"_self\" class=\"wppa-title\" onclick=\"wppaDoAjaxRender(event, 1, &#039;https:\/\/www.saengerchor-olympia.de\/index.php?rest_route=\/wp-photo-album-plus\/endPoint?action=wppa&wppa-action=render&wppa-size=640&wppa-occur=1&wppa-fromp=164&lang=de&wppa-album=1&wppa-cover=0&wppa-occur=1&data-alb=1&#039;, &#039;https:\/\/www.saengerchor-olympia.de\/?page_id=164&lang=de&wppa-album=697ca6f6f4bfb0d6&wppa-cover=0&wppa-occur=1&data-alb=1&#039; );return false;\">Chorwochende Januar 2012 in B\u00fcdingen<\/a><\/h2><div style=\"min-height:54px;\" class=\"wppa-box-text wppa-black wppa-box-text-desc\">Trainingslager zur Vorbereitung der Saison 2012<\/div><div class=\"wppa-box-text wppa-black wppa-info wppa-slideshow-browse-link wppa-album-cover-link\"><a title=\"Diashow\" style=\"cursor:pointer\" class=\"wppa-album-cover-link\" onclick=\"wppaDoAjaxRender(event, 1, &#039;https:\/\/www.saengerchor-olympia.de\/index.php?rest_route=\/wp-photo-album-plus\/endPoint?action=wppa&wppa-action=render&wppa-size=640&wppa-occur=1&wppa-fromp=164&lang=de&wppa-slide=1&wppa-occur=1&wppa-album=1&#039;, &#039;https:\/\/www.saengerchor-olympia.de\/?page_id=164&lang=de&wppa-slide=1&wppa-occur=1&wppa-album=697ca6f6f4bfb0d6&#039; );return false;\">Diashow<\/a><\/div><div class=\"wppa-box-text wppa-black wppa-info wppa-viewlink wppa-album-cover-link\"><a title=\"Zeige das Album Chorwochende Januar 2012 in B\u00fcdingen\" style=\"cursor:pointer;\" class=\"wppa-album-cover-link\" onclick=\"wppaDoAjaxRender(event, 1, &#039;https:\/\/www.saengerchor-olympia.de\/index.php?rest_route=\/wp-photo-album-plus\/endPoint?action=wppa&wppa-action=render&wppa-size=640&wppa-occur=1&wppa-fromp=164&lang=de&wppa-album=1&wppa-cover=0&wppa-occur=1&data-alb=1&#039;, &#039;https:\/\/www.saengerchor-olympia.de\/?page_id=164&lang=de&wppa-album=697ca6f6f4bfb0d6&wppa-cover=0&wppa-occur=1&data-alb=1&#039; );return false;\">17&nbsp;Fotos&nbsp;anzeigen<\/a><\/div><\/div><div id=\"coverphoto_frame_1_1\" style=\"float:right; margin-left:5px;width:160px;\" class=\"coverphoto-frame\"><div title=\" \" style=\"display:inline-block;margin:0 4px;\" onclick=\"wppaStopProp(event)\"><a title=\"Zeige das Album Chorwochende Januar 2012 in B\u00fcdingen\" style=\"border:0;color:transparent;cursor:pointer;\" href=\"https:\/\/www.saengerchor-olympia.de\/?page_id=164&#038;lang=de&#038;wppa-album=697ca6f6f4bfb0d6&#038;wppa-cover=0&#038;wppa-occur=1&#038;data-alb=1\" target=\"_self\" onclick=\"return false;\"><img loading=\"lazy\" decoding=\"async\" style=\"border-width:0px;width:150px;height:84px;opacity:0.85;display:inline;\" width=\"150\" height=\"84\" src=\"https:\/\/www.saengerchor-olympia.de\/wp-content\/uploads\/wppa\/thumbs\/2.jpg?ver=1\" alt=\"B\u00fcdingen 2012\" class=\"pietje image wppa-img\" onclick=\"wppaDoAjaxRender(event, 1, &#039;https:\/\/www.saengerchor-olympia.de\/index.php?rest_route=\/wp-photo-album-plus\/endPoint?action=wppa&wppa-action=render&wppa-size=640&wppa-occur=1&wppa-fromp=164&lang=de&wppa-album=1&wppa-cover=0&wppa-occur=1&data-alb=1&#039;, &#039;https:\/\/www.saengerchor-olympia.de\/?page_id=164&lang=de&wppa-album=697ca6f6f4bfb0d6&wppa-cover=0&wppa-occur=1&data-alb=1&#039; );return false;;return false;\" onmouseover=\"jQuery(this).fadeTo(400, 1.0)\" onmouseout=\"jQuery(this).fadeTo(400,0.85)\"><\/a><\/div><\/div><div title=\" \" onclick=\"wppaStopProp(event);\"><\/div><div style=\"clear:both;\"><\/div><\/div><div id=\"album-3-1\" title=\"Zeige das Album Weihnachtsmarkt 2011\" style=\"width:100%;float:right;cursor:pointer;\" class=\"wppa-album-cover-standard album wppa-box wppa-cover-box wppa-cover-box-1\" onclick=\"wppaDoAjaxRender(event, 1, &#039;https:\/\/www.saengerchor-olympia.de\/index.php?rest_route=\/wp-photo-album-plus\/endPoint?action=wppa&wppa-action=render&wppa-size=640&wppa-occur=1&wppa-fromp=164&lang=de&wppa-album=3&wppa-cover=0&wppa-occur=1&data-alb=3&#039;, &#039;https:\/\/www.saengerchor-olympia.de\/?page_id=164&lang=de&wppa-album=ccef5292bbd4b705&wppa-cover=0&wppa-occur=1&data-alb=3&#039; );return false;\"><div id=\"covertext_frame_3_1\" style=\"width:459px; float:left\" class=\"wppa-text-frame-1 wppa-text-frame wppa-cover-text-frame wppa-asym-text-frame-1\"><h2 style=\"clear:none\" class=\"wppa-title\"><a title=\"Zeige das Album Weihnachtsmarkt 2011\" href=\"https:\/\/www.saengerchor-olympia.de\/?page_id=164&#038;lang=de&#038;wppa-album=ccef5292bbd4b705&#038;wppa-cover=0&#038;wppa-occur=1&#038;data-alb=3\" target=\"_self\" class=\"wppa-title\" onclick=\"wppaDoAjaxRender(event, 1, &#039;https:\/\/www.saengerchor-olympia.de\/index.php?rest_route=\/wp-photo-album-plus\/endPoint?action=wppa&wppa-action=render&wppa-size=640&wppa-occur=1&wppa-fromp=164&lang=de&wppa-album=3&wppa-cover=0&wppa-occur=1&data-alb=3&#039;, &#039;https:\/\/www.saengerchor-olympia.de\/?page_id=164&lang=de&wppa-album=ccef5292bbd4b705&wppa-cover=0&wppa-occur=1&data-alb=3&#039; );return false;\">Weihnachtsmarkt 2011<\/a><\/h2><div style=\"min-height:54px;\" class=\"wppa-box-text wppa-black wppa-box-text-desc\">Taktvoll auf dem Hanauer Weihnachtsmarkt 201<\/div><div class=\"wppa-box-text wppa-black wppa-info wppa-slideshow-browse-link wppa-album-cover-link\"><a title=\"Diashow\" style=\"cursor:pointer\" class=\"wppa-album-cover-link\" onclick=\"wppaDoAjaxRender(event, 1, &#039;https:\/\/www.saengerchor-olympia.de\/index.php?rest_route=\/wp-photo-album-plus\/endPoint?action=wppa&wppa-action=render&wppa-size=640&wppa-occur=1&wppa-fromp=164&lang=de&wppa-slide=1&wppa-occur=1&wppa-album=3&#039;, &#039;https:\/\/www.saengerchor-olympia.de\/?page_id=164&lang=de&wppa-slide=1&wppa-occur=1&wppa-album=ccef5292bbd4b705&#039; );return false;\">Diashow<\/a><\/div><div class=\"wppa-box-text wppa-black wppa-info wppa-viewlink wppa-album-cover-link\"><a title=\"Zeige das Album Weihnachtsmarkt 2011\" style=\"cursor:pointer;\" class=\"wppa-album-cover-link\" onclick=\"wppaDoAjaxRender(event, 1, &#039;https:\/\/www.saengerchor-olympia.de\/index.php?rest_route=\/wp-photo-album-plus\/endPoint?action=wppa&wppa-action=render&wppa-size=640&wppa-occur=1&wppa-fromp=164&lang=de&wppa-album=3&wppa-cover=0&wppa-occur=1&data-alb=3&#039;, &#039;https:\/\/www.saengerchor-olympia.de\/?page_id=164&lang=de&wppa-album=ccef5292bbd4b705&wppa-cover=0&wppa-occur=1&data-alb=3&#039; );return false;\">1&nbsp;Foto&nbsp;anzeigen<\/a><\/div><\/div><div id=\"coverphoto_frame_3_1\" style=\"float:right; margin-left:5px;width:160px;\" class=\"coverphoto-frame\"><div title=\" \" style=\"display:inline-block;margin:0 4px;\" onclick=\"wppaStopProp(event)\"><a title=\"Zeige das Album Weihnachtsmarkt 2011\" style=\"border:0;color:transparent;cursor:pointer;\" href=\"https:\/\/www.saengerchor-olympia.de\/?page_id=164&#038;lang=de&#038;wppa-album=ccef5292bbd4b705&#038;wppa-cover=0&#038;wppa-occur=1&#038;data-alb=3\" target=\"_self\" onclick=\"return false;\"><img loading=\"lazy\" decoding=\"async\" style=\"border-width:0px;width:150px;height:113px;opacity:0.85;display:inline;\" width=\"150\" height=\"113\" src=\"https:\/\/www.saengerchor-olympia.de\/wp-content\/uploads\/wppa\/thumbs\/42.jpg?ver=1\" alt=\"Weihnachtsmarkt 2011\" class=\"pietje image wppa-img\" onclick=\"wppaDoAjaxRender(event, 1, &#039;https:\/\/www.saengerchor-olympia.de\/index.php?rest_route=\/wp-photo-album-plus\/endPoint?action=wppa&wppa-action=render&wppa-size=640&wppa-occur=1&wppa-fromp=164&lang=de&wppa-album=3&wppa-cover=0&wppa-occur=1&data-alb=3&#039;, &#039;https:\/\/www.saengerchor-olympia.de\/?page_id=164&lang=de&wppa-album=ccef5292bbd4b705&wppa-cover=0&wppa-occur=1&data-alb=3&#039; );return false;;return false;\" onmouseover=\"jQuery(this).fadeTo(400, 1.0)\" onmouseout=\"jQuery(this).fadeTo(400,0.85)\"><\/a><\/div><\/div><div title=\" \" onclick=\"wppaStopProp(event);\"><\/div><div style=\"clear:both;\"><\/div><\/div><div id=\"album-2-1\" title=\"Link zu Galerie\" style=\"width:100%;float:right;cursor:pointer;\" class=\"wppa-album-cover-standard album wppa-box wppa-cover-box wppa-cover-box-1\"><div id=\"covertext_frame_2_1\" style=\"width:459px; float:left\" class=\"wppa-text-frame-1 wppa-text-frame wppa-cover-text-frame wppa-asym-text-frame-1\"><h2 style=\"clear:none\" class=\"wppa-title\"><a title=\"Link zu Galerie\" href=\"https:\/\/www.saengerchor-olympia.de\/?page_id=164&#038;lang=de&#038;wppa-album=822ee4e33c3924be&#038;wppa-cover=0&#038;wppa-occur=1&#038;data-alb=2\" target=\"_self\" class=\"wppa-title\">Weihnachtsfeier 2011<\/a><\/h2><div style=\"min-height:54px;\" class=\"wppa-box-text wppa-black wppa-box-text-desc\">Weihnachtsfeier 2011 mit Jubilarehrung im Marstall<\/div><div class=\"wppa-box-text wppa-black wppa-info wppa-slideshow-browse-link wppa-album-cover-link\">a<\/div><div class=\"wppa-box-text wppa-black wppa-info wppa-viewlink wppa-album-cover-link\"><a title=\"Zeige das Album Weihnachtsfeier 2011\" style=\"cursor:pointer;\" href=\"https:\/\/www.saengerchor-olympia.de\/?page_id=164&#038;lang=de&#038;wppa-album=822ee4e33c3924be&#038;wppa-cover=0&#038;wppa-occur=1&#038;data-alb=2\" target=\"_self\" class=\"wppa-album-cover-link\">24&nbsp;Fotos&nbsp;anzeigen<\/a><\/div><\/div><div id=\"coverphoto_frame_2_1\" style=\"float:right; margin-left:5px;width:160px;\" class=\"coverphoto-frame\"><div title=\" \" style=\"display:inline-block;margin:0 4px;\" onclick=\"wppaStopProp(event)\"><a title=\"Link zu Galerie\" style=\"border:0;color:transparent;cursor:pointer;\" href=\"https:\/\/www.saengerchor-olympia.de\/?page_id=164&#038;lang=de&#038;wppa-album=822ee4e33c3924be&#038;wppa-cover=0&#038;wppa-occur=1&#038;data-alb=2\" target=\"_self\" onclick=\"return false;\"><img loading=\"lazy\" decoding=\"async\" style=\"border-width:0px;width:150px;height:113px;opacity:0.85;display:inline;\" width=\"150\" height=\"113\" src=\"https:\/\/www.saengerchor-olympia.de\/wp-content\/uploads\/wppa\/thumbs\/19.jpg?ver=1\" alt=\"Weihnachtsfeier2011\" class=\"pietje image wppa-img\" onclick=\";return false;\" onmouseover=\"jQuery(this).fadeTo(400, 1.0)\" onmouseout=\"jQuery(this).fadeTo(400,0.85)\"><\/a><\/div><\/div><div title=\" \" onclick=\"wppaStopProp(event);\"><\/div><div style=\"clear:both;\"><\/div><\/div><div id=\"album-4-1\" title=\"Zeige das Album Missa Lumen 13.11.2011\" style=\"width:100%;float:right;cursor:pointer;\" class=\"wppa-album-cover-standard album wppa-box wppa-cover-box wppa-cover-box-1\" onclick=\"wppaDoAjaxRender(event, 1, &#039;https:\/\/www.saengerchor-olympia.de\/index.php?rest_route=\/wp-photo-album-plus\/endPoint?action=wppa&wppa-action=render&wppa-size=640&wppa-occur=1&wppa-fromp=164&lang=de&wppa-album=4&wppa-cover=0&wppa-occur=1&data-alb=4&#039;, &#039;https:\/\/www.saengerchor-olympia.de\/?page_id=164&lang=de&wppa-album=2246c582bcdde2d7&wppa-cover=0&wppa-occur=1&data-alb=4&#039; );return false;\"><div id=\"covertext_frame_4_1\" style=\"width:459px; float:left\" class=\"wppa-text-frame-1 wppa-text-frame wppa-cover-text-frame wppa-asym-text-frame-1\"><h2 style=\"clear:none\" class=\"wppa-title\"><a title=\"Zeige das Album Missa Lumen 13.11.2011\" href=\"https:\/\/www.saengerchor-olympia.de\/?page_id=164&#038;lang=de&#038;wppa-album=2246c582bcdde2d7&#038;wppa-cover=0&#038;wppa-occur=1&#038;data-alb=4\" target=\"_self\" class=\"wppa-title\" onclick=\"wppaDoAjaxRender(event, 1, &#039;https:\/\/www.saengerchor-olympia.de\/index.php?rest_route=\/wp-photo-album-plus\/endPoint?action=wppa&wppa-action=render&wppa-size=640&wppa-occur=1&wppa-fromp=164&lang=de&wppa-album=4&wppa-cover=0&wppa-occur=1&data-alb=4&#039;, &#039;https:\/\/www.saengerchor-olympia.de\/?page_id=164&lang=de&wppa-album=2246c582bcdde2d7&wppa-cover=0&wppa-occur=1&data-alb=4&#039; );return false;\">Missa Lumen 13.11.2011<\/a><\/h2><div style=\"min-height:54px;\" class=\"wppa-box-text wppa-black wppa-box-text-desc\">Auff\u00fchrung der Missa Lumen in der Marienkirche, Offenbach am 13.11.2011<\/div><div class=\"wppa-box-text wppa-black wppa-info wppa-slideshow-browse-link wppa-album-cover-link\"><a title=\"Diashow\" style=\"cursor:pointer\" class=\"wppa-album-cover-link\" onclick=\"wppaDoAjaxRender(event, 1, &#039;https:\/\/www.saengerchor-olympia.de\/index.php?rest_route=\/wp-photo-album-plus\/endPoint?action=wppa&wppa-action=render&wppa-size=640&wppa-occur=1&wppa-fromp=164&lang=de&wppa-slide=1&wppa-occur=1&wppa-album=4&#039;, &#039;https:\/\/www.saengerchor-olympia.de\/?page_id=164&lang=de&wppa-slide=1&wppa-occur=1&wppa-album=2246c582bcdde2d7&#039; );return false;\">Diashow<\/a><\/div><div class=\"wppa-box-text wppa-black wppa-info wppa-viewlink wppa-album-cover-link\"><a title=\"Zeige das Album Missa Lumen 13.11.2011\" style=\"cursor:pointer;\" class=\"wppa-album-cover-link\" onclick=\"wppaDoAjaxRender(event, 1, &#039;https:\/\/www.saengerchor-olympia.de\/index.php?rest_route=\/wp-photo-album-plus\/endPoint?action=wppa&wppa-action=render&wppa-size=640&wppa-occur=1&wppa-fromp=164&lang=de&wppa-album=4&wppa-cover=0&wppa-occur=1&data-alb=4&#039;, &#039;https:\/\/www.saengerchor-olympia.de\/?page_id=164&lang=de&wppa-album=2246c582bcdde2d7&wppa-cover=0&wppa-occur=1&data-alb=4&#039; );return false;\">4&nbsp;Fotos&nbsp;anzeigen<\/a><\/div><\/div><div id=\"coverphoto_frame_4_1\" style=\"float:right; margin-left:5px;width:160px;\" class=\"coverphoto-frame\"><div title=\" \" style=\"display:inline-block;margin:0 4px;\" onclick=\"wppaStopProp(event)\"><a title=\"Zeige das Album Missa Lumen 13.11.2011\" style=\"border:0;color:transparent;cursor:pointer;\" href=\"https:\/\/www.saengerchor-olympia.de\/?page_id=164&#038;lang=de&#038;wppa-album=2246c582bcdde2d7&#038;wppa-cover=0&#038;wppa-occur=1&#038;data-alb=4\" target=\"_self\" onclick=\"return false;\"><img loading=\"lazy\" decoding=\"async\" style=\"border-width:0px;width:150px;height:113px;opacity:0.85;display:inline;\" width=\"150\" height=\"113\" src=\"https:\/\/www.saengerchor-olympia.de\/wp-content\/uploads\/wppa\/thumbs\/44.jpg?ver=1\" alt=\"Missa Lumen 2011\" class=\"pietje image wppa-img\" onclick=\"wppaDoAjaxRender(event, 1, &#039;https:\/\/www.saengerchor-olympia.de\/index.php?rest_route=\/wp-photo-album-plus\/endPoint?action=wppa&wppa-action=render&wppa-size=640&wppa-occur=1&wppa-fromp=164&lang=de&wppa-album=4&wppa-cover=0&wppa-occur=1&data-alb=4&#039;, &#039;https:\/\/www.saengerchor-olympia.de\/?page_id=164&lang=de&wppa-album=2246c582bcdde2d7&wppa-cover=0&wppa-occur=1&data-alb=4&#039; );return false;;return false;\" onmouseover=\"jQuery(this).fadeTo(400, 1.0)\" onmouseout=\"jQuery(this).fadeTo(400,0.85)\"><\/a><\/div><\/div><div title=\" \" onclick=\"wppaStopProp(event);\"><\/div><div style=\"clear:both;\"><\/div><\/div><div id=\"album-22-1\" title=\"Zeige das Album unsortierte Bilder\" style=\"width:100%;float:right;cursor:pointer;\" class=\"wppa-album-cover-standard album wppa-box wppa-cover-box wppa-cover-box-1\" onclick=\"wppaDoAjaxRender(event, 1, &#039;https:\/\/www.saengerchor-olympia.de\/index.php?rest_route=\/wp-photo-album-plus\/endPoint?action=wppa&wppa-action=render&wppa-size=640&wppa-occur=1&wppa-fromp=164&lang=de&wppa-album=22&wppa-cover=0&wppa-occur=1&data-alb=22&#039;, &#039;https:\/\/www.saengerchor-olympia.de\/?page_id=164&lang=de&wppa-album=3d5b87d0402ed700&wppa-cover=0&wppa-occur=1&data-alb=22&#039; );return false;\"><div id=\"covertext_frame_22_1\" style=\"width:459px; float:left\" class=\"wppa-text-frame-1 wppa-text-frame wppa-cover-text-frame wppa-asym-text-frame-1\"><h2 style=\"clear:none\" class=\"wppa-title\"><a title=\"Zeige das Album unsortierte Bilder\" href=\"https:\/\/www.saengerchor-olympia.de\/?page_id=164&#038;lang=de&#038;wppa-album=3d5b87d0402ed700&#038;wppa-cover=0&#038;wppa-occur=1&#038;data-alb=22\" target=\"_self\" class=\"wppa-title\" onclick=\"wppaDoAjaxRender(event, 1, &#039;https:\/\/www.saengerchor-olympia.de\/index.php?rest_route=\/wp-photo-album-plus\/endPoint?action=wppa&wppa-action=render&wppa-size=640&wppa-occur=1&wppa-fromp=164&lang=de&wppa-album=22&wppa-cover=0&wppa-occur=1&data-alb=22&#039;, &#039;https:\/\/www.saengerchor-olympia.de\/?page_id=164&lang=de&wppa-album=3d5b87d0402ed700&wppa-cover=0&wppa-occur=1&data-alb=22&#039; );return false;\">unsortierte Bilder<\/a><\/h2><div style=\"min-height:54px;\" class=\"wppa-box-text wppa-black wppa-box-text-desc\"><\/div><div class=\"wppa-box-text wppa-black wppa-info wppa-slideshow-browse-link wppa-album-cover-link\"><a title=\"Diashow\" style=\"cursor:pointer\" class=\"wppa-album-cover-link\" onclick=\"wppaDoAjaxRender(event, 1, &#039;https:\/\/www.saengerchor-olympia.de\/index.php?rest_route=\/wp-photo-album-plus\/endPoint?action=wppa&wppa-action=render&wppa-size=640&wppa-occur=1&wppa-fromp=164&lang=de&wppa-slide=1&wppa-occur=1&wppa-album=22&#039;, &#039;https:\/\/www.saengerchor-olympia.de\/?page_id=164&lang=de&wppa-slide=1&wppa-occur=1&wppa-album=3d5b87d0402ed700&#039; );return false;\">Diashow<\/a><\/div><div class=\"wppa-box-text wppa-black wppa-info wppa-viewlink wppa-album-cover-link\"><a title=\"Zeige das Album unsortierte Bilder\" style=\"cursor:pointer;\" class=\"wppa-album-cover-link\" onclick=\"wppaDoAjaxRender(event, 1, &#039;https:\/\/www.saengerchor-olympia.de\/index.php?rest_route=\/wp-photo-album-plus\/endPoint?action=wppa&wppa-action=render&wppa-size=640&wppa-occur=1&wppa-fromp=164&lang=de&wppa-album=22&wppa-cover=0&wppa-occur=1&data-alb=22&#039;, &#039;https:\/\/www.saengerchor-olympia.de\/?page_id=164&lang=de&wppa-album=3d5b87d0402ed700&wppa-cover=0&wppa-occur=1&data-alb=22&#039; );return false;\">12&nbsp;Fotos&nbsp;anzeigen<\/a><\/div><\/div><div id=\"coverphoto_frame_22_1\" style=\"float:right; margin-left:5px;width:160px;\" class=\"coverphoto-frame\"><div title=\" \" style=\"display:inline-block;margin:0 4px;\" onclick=\"wppaStopProp(event)\"><a title=\"Zeige das Album unsortierte Bilder\" style=\"border:0;color:transparent;cursor:pointer;\" href=\"https:\/\/www.saengerchor-olympia.de\/?page_id=164&#038;lang=de&#038;wppa-album=3d5b87d0402ed700&#038;wppa-cover=0&#038;wppa-occur=1&#038;data-alb=22\" target=\"_self\" onclick=\"return false;\"><img loading=\"lazy\" decoding=\"async\" style=\"border-width:0px;width:150px;height:113px;opacity:0.85;display:inline;\" width=\"150\" height=\"113\" src=\"https:\/\/www.saengerchor-olympia.de\/wp-content\/uploads\/wppa\/thumbs\/356.jpg?ver=1\" alt=\"IMG_8391.jpg\" class=\"pietje image wppa-img\" onclick=\"wppaDoAjaxRender(event, 1, &#039;https:\/\/www.saengerchor-olympia.de\/index.php?rest_route=\/wp-photo-album-plus\/endPoint?action=wppa&wppa-action=render&wppa-size=640&wppa-occur=1&wppa-fromp=164&lang=de&wppa-album=22&wppa-cover=0&wppa-occur=1&data-alb=22&#039;, &#039;https:\/\/www.saengerchor-olympia.de\/?page_id=164&lang=de&wppa-album=3d5b87d0402ed700&wppa-cover=0&wppa-occur=1&data-alb=22&#039; );return false;;return false;\" onmouseover=\"jQuery(this).fadeTo(400, 1.0)\" onmouseout=\"jQuery(this).fadeTo(400,0.85)\"><\/a><\/div><\/div><div title=\" \" onclick=\"wppaStopProp(event);\"><\/div><div style=\"clear:both;\"><\/div><\/div><\/div><div style=\"clear:both;\"><\/div><div id=\"wppa-container-1-end\"><\/div><\/div><\/div>\n<!-- End [wppa] \/index.php?rest_route=%2Fwp%2Fv2%2Fpages%2F164 oc 1 256 queries in 2078.7 ms. at 15:32. Max mem: 48.50 Mb. -->\n","protected":false},"excerpt":{"rendered":"","protected":false},"author":3,"featured_media":0,"parent":0,"menu_order":5,"comment_status":"open","ping_status":"closed","template":"","meta":{"footnotes":""},"class_list":["post-164","page","type-page","status-publish","hentry"],"_links":{"self":[{"href":"https:\/\/www.saengerchor-olympia.de\/index.php?rest_route=\/wp\/v2\/pages\/164","targetHints":{"allow":["GET"]}}],"collection":[{"href":"https:\/\/www.saengerchor-olympia.de\/index.php?rest_route=\/wp\/v2\/pages"}],"about":[{"href":"https:\/\/www.saengerchor-olympia.de\/index.php?rest_route=\/wp\/v2\/types\/page"}],"author":[{"embeddable":true,"href":"https:\/\/www.saengerchor-olympia.de\/index.php?rest_route=\/wp\/v2\/users\/3"}],"replies":[{"embeddable":true,"href":"https:\/\/www.saengerchor-olympia.de\/index.php?rest_route=%2Fwp%2Fv2%2Fcomments&post=164"}],"version-history":[{"count":7,"href":"https:\/\/www.saengerchor-olympia.de\/index.php?rest_route=\/wp\/v2\/pages\/164\/revisions"}],"predecessor-version":[{"id":2052,"href":"https:\/\/www.saengerchor-olympia.de\/index.php?rest_route=\/wp\/v2\/pages\/164\/revisions\/2052"}],"wp:attachment":[{"href":"https:\/\/www.saengerchor-olympia.de\/index.php?rest_route=%2Fwp%2Fv2%2Fmedia&parent=164"}],"curies":[{"name":"wp","href":"https:\/\/api.w.org\/{rel}","templated":true}]}}